{"id":2968,"date":"2017-01-05T16:47:07","date_gmt":"2017-01-06T00:47:07","guid":{"rendered":"https:\/\/demo.pro.radio\/wp1\/radiochannel\/06am-ibiza\/"},"modified":"2025-06-04T19:54:58","modified_gmt":"2025-06-04T22:54:58","slug":"radio-apolo","status":"publish","type":"radiochannel","link":"https:\/\/radioapolo.com.br\/index.php\/radiochannel\/radio-apolo\/","title":{"rendered":"Apolo FM"},"content":{"rendered":"<p><img fetchpriority=\"high\" decoding=\"async\" class=\"wp-image-7020 size-full aligncenter\" src=\"https:\/\/radioapolo.com.br\/wp-content\/uploads\/2017\/01\/apolo-nodial-512x512-1.jpg\" alt=\"\" width=\"512\" height=\"512\" srcset=\"https:\/\/radioapolo.com.br\/wp-content\/uploads\/2017\/01\/apolo-nodial-512x512-1.jpg 512w, https:\/\/radioapolo.com.br\/wp-content\/uploads\/2017\/01\/apolo-nodial-512x512-1-150x150.jpg 150w, https:\/\/radioapolo.com.br\/wp-content\/uploads\/2017\/01\/apolo-nodial-512x512-1-100x100.jpg 100w, https:\/\/radioapolo.com.br\/wp-content\/uploads\/2017\/01\/apolo-nodial-512x512-1-370x370.jpg 370w\" sizes=\"(max-width: 512px) 100vw, 512px\" \/><\/p>\n<div id=\"proradio-qt-schedule-14d71035552fef7c92e4b5c611232830-2968\" class=\"proradio-schedule proradio-container    \" data-proradio-autorefresh>\n\t<div class=\"proradio-program proradio-tabs\" data-proradio-tabs>\n\t\t\n\t\t<div class=\"proradio-schedule__header\">\n\t\t\n\t\t\n\t\t\t\t\t\t\t<a href=\"#\" class=\"proradio-btn proradio-btn-primary proradio-btn__full proradio-tabs__switch\" data-proradio-switch=\"open\" data-proradio-target=\"#proradio-tabslist\">Selecionar <i class=\"material-icons\">arrow_drop_down<\/i><\/a>\n\t\t\t\t\n\t\t\t\t<ul id=\"proradio-tabslist\" class=\"proradio-tabs__menu proradio-paper proradio-card\">\n\t\t\t\t\t\t\t\t\t\t\t<li><a href=\"#proradio-shortcodeschedule-1780\" class=\"proradio-btn \" data-proradio-switch=\"open\" data-proradio-target=\"#proradio-tabslist\">Segunda<\/a><\/li>\n\t\t\t\t\t\t\t\t\t\t\t\t<li><a href=\"#proradio-shortcodeschedule-1830\" class=\"proradio-btn \" data-proradio-switch=\"open\" data-proradio-target=\"#proradio-tabslist\">Ter\u00e7a<\/a><\/li>\n\t\t\t\t\t\t\t\t\t\t\t\t<li><a href=\"#proradio-shortcodeschedule-1832\" class=\"proradio-btn \" data-proradio-switch=\"open\" data-proradio-target=\"#proradio-tabslist\">Quarta<\/a><\/li>\n\t\t\t\t\t\t\t\t\t\t\t\t<li><a href=\"#proradio-shortcodeschedule-1833\" class=\"proradio-btn \" data-proradio-switch=\"open\" data-proradio-target=\"#proradio-tabslist\">Quinta<\/a><\/li>\n\t\t\t\t\t\t\t\t\t\t\t\t<li><a href=\"#proradio-shortcodeschedule-1834\" class=\"proradio-btn \" data-proradio-switch=\"open\" data-proradio-target=\"#proradio-tabslist\">Sexta<\/a><\/li>\n\t\t\t\t\t\t\t\t\t\t\t\t<li><a href=\"#proradio-shortcodeschedule-1835\" class=\"proradio-btn \" data-proradio-switch=\"open\" data-proradio-target=\"#proradio-tabslist\">S\u00e1bado<\/a><\/li>\n\t\t\t\t\t\t\t\t\t\t\t\t<li><a href=\"#proradio-shortcodeschedule-1836\" class=\"proradio-btn proradio-active\" data-proradio-switch=\"open\" data-proradio-target=\"#proradio-tabslist\">Domingo<\/a><\/li>\n\t\t\t\t\t\t\t\t\t\t<\/ul>\n\n\t\t\t\t\t\t\t\t\t<\/div>\n\n\t\t\t\t\t<div id=\"proradio-shortcodeschedule-1780\" class=\"proradio-tabs__content\">\n\t\t\t\t<h3 class=\"proradio-schedule__dayname\">Segunda<\/h3>\n\t\t\t\t<!-- SCHEDULE DAY ================================================== -->\n<div class=\"proradio-row \">\n\t      \t\t\t\t\t<div class=\"proradio-col proradio-col__post proradio-s12 proradio-m6 proradio-l4\">\n\t      \t\t\t\t\t<article class=\"proradio-post proradio-post__card proradio-post__card--shows proradio-darkbg proradio-negative post-1828 shows type-shows status-publish has-post-thumbnail hentry genre-pop\" data-qtwaypoints>\n\t<div class=\"proradio-bgimg proradio-bgimg--full proradio-duotone\">\n\t\t<img decoding=\"async\" width=\"770\" height=\"433\" src=\"https:\/\/radioapolo.com.br\/wp-content\/uploads\/2015\/03\/wallpaper-sofitmusic-770x433.jpg\" class=\"proradio-post__thumb wp-post-image\" alt=\"\" srcset=\"https:\/\/radioapolo.com.br\/wp-content\/uploads\/2015\/03\/wallpaper-sofitmusic-770x433.jpg 770w, https:\/\/radioapolo.com.br\/wp-content\/uploads\/2015\/03\/wallpaper-sofitmusic-1170x658.jpg 1170w, https:\/\/radioapolo.com.br\/wp-content\/uploads\/2015\/03\/wallpaper-sofitmusic-768x432.jpg 768w, https:\/\/radioapolo.com.br\/wp-content\/uploads\/2015\/03\/wallpaper-sofitmusic-1536x864.jpg 1536w, https:\/\/radioapolo.com.br\/wp-content\/uploads\/2015\/03\/wallpaper-sofitmusic.jpg 1919w\" sizes=\"(max-width: 770px) 100vw, 770px\" \/>\t<\/div>\n\t<div class=\"proradio-post__headercont\">\n\n\t\t\n\t\t<a class=\"proradio-post__header__link\" href=\"https:\/\/radioapolo.com.br\/index.php\/shows\/soft-music\/\"><\/a>\n\t\t<div class=\"proradio-post__card__cap\">\n\t\t\t<p class=\"proradio-cats\">\n\t\t\t\t<a href=\"https:\/\/radioapolo.com.br\/index.php\/showgenre\/pop\/\" class=\"proradio-catid-63\">Pop<\/a>\t\t\t<\/p>\n\t\t\t<h3 class=\"proradio-post__title proradio-cutme-t-2 proradio-h4\"><a href=\"https:\/\/radioapolo.com.br\/index.php\/shows\/soft-music\/\">Soft Music<\/a><\/h3>\n\t\t\t\t\t\t\t<p class=\"proradio-itemmetas\">\n\t\t\t\t\t12:00 pm - 1:00 pm\t\t\t\t<\/p>\n\t\t\t\t\t\t<\/div>\n\t\t\t\t<i class='material-icons proradio-post__switchcontent' data-proradio-activates=\"gparent\">more_vert<\/i>\n\t\t\t<\/div>\n\t\t\t<div class=\"proradio-post__headercont--ex proradio-paper\">\n\t\t\t<h4><a href=\"https:\/\/radioapolo.com.br\/index.php\/shows\/soft-music\/\">Soft Music<\/a><\/h4>\n\t\t\t\t\t\t\t<h6 class=\"proradio-cutme-t\">\n\t\t\t\t\tApolo FM\t\t\t\t<\/h6>\n\t\t\t\t\t\t\t<p>Durante uma hora inteira, n\u00f3s selecionamos as melhores m\u00fasicas para proporcionar um momento de tranquilidade e bem-estar no seu dia.<\/p>\n\t\t\t<i class='material-icons proradio-post__switchcontent' data-proradio-activates=\"gparent\">close<\/i>\n\t\t<\/div>\n\t\t\t\n<\/article>\t\t\t\t\t\t<\/div>\n\t\t\t\t\t\t      \t\t\t\t\t<div class=\"proradio-col proradio-col__post proradio-s12 proradio-m6 proradio-l4\">\n\t      \t\t\t\t\t<article class=\"proradio-post proradio-post__card proradio-post__card--shows proradio-darkbg proradio-negative post-1827 shows type-shows status-publish has-post-thumbnail hentry genre-pop\" data-qtwaypoints>\n\t<div class=\"proradio-bgimg proradio-bgimg--full proradio-duotone\">\n\t\t<img decoding=\"async\" width=\"770\" height=\"433\" src=\"https:\/\/radioapolo.com.br\/wp-content\/uploads\/2015\/03\/wallpaper-horadoouvinte-770x433.jpg\" class=\"proradio-post__thumb wp-post-image\" alt=\"\" srcset=\"https:\/\/radioapolo.com.br\/wp-content\/uploads\/2015\/03\/wallpaper-horadoouvinte-770x433.jpg 770w, https:\/\/radioapolo.com.br\/wp-content\/uploads\/2015\/03\/wallpaper-horadoouvinte-1170x658.jpg 1170w, https:\/\/radioapolo.com.br\/wp-content\/uploads\/2015\/03\/wallpaper-horadoouvinte-768x432.jpg 768w, https:\/\/radioapolo.com.br\/wp-content\/uploads\/2015\/03\/wallpaper-horadoouvinte-1536x864.jpg 1536w, https:\/\/radioapolo.com.br\/wp-content\/uploads\/2015\/03\/wallpaper-horadoouvinte.jpg 1919w\" sizes=\"(max-width: 770px) 100vw, 770px\" \/>\t<\/div>\n\t<div class=\"proradio-post__headercont\">\n\n\t\t\n\t\t<a class=\"proradio-post__header__link\" href=\"https:\/\/radioapolo.com.br\/index.php\/shows\/hora-do-ouvinte\/\"><\/a>\n\t\t<div class=\"proradio-post__card__cap\">\n\t\t\t<p class=\"proradio-cats\">\n\t\t\t\t<a href=\"https:\/\/radioapolo.com.br\/index.php\/showgenre\/pop\/\" class=\"proradio-catid-63\">Pop<\/a>\t\t\t<\/p>\n\t\t\t<h3 class=\"proradio-post__title proradio-cutme-t-2 proradio-h4\"><a href=\"https:\/\/radioapolo.com.br\/index.php\/shows\/hora-do-ouvinte\/\">Hora do Ouvinte<\/a><\/h3>\n\t\t\t\t\t\t\t<p class=\"proradio-itemmetas\">\n\t\t\t\t\t11:00 am - 12:00 pm\t\t\t\t<\/p>\n\t\t\t\t\t\t<\/div>\n\t\t\t\t<i class='material-icons proradio-post__switchcontent' data-proradio-activates=\"gparent\">more_vert<\/i>\n\t\t\t<\/div>\n\t\t\t<div class=\"proradio-post__headercont--ex proradio-paper\">\n\t\t\t<h4><a href=\"https:\/\/radioapolo.com.br\/index.php\/shows\/hora-do-ouvinte\/\">Hora do Ouvinte<\/a><\/h4>\n\t\t\t\t\t\t\t<h6 class=\"proradio-cutme-t\">\n\t\t\t\t\tApolo FM\t\t\t\t<\/h6>\n\t\t\t\t\t\t\t<p>Durante essas horas especiais, abrimos as linhas telef\u00f4nicas e as redes sociais para ouvir suas hist\u00f3rias, pedidos musicais, mensagens e dedicat\u00f3rias.<\/p>\n\t\t\t<i class='material-icons proradio-post__switchcontent' data-proradio-activates=\"gparent\">close<\/i>\n\t\t<\/div>\n\t\t\t\n<\/article>\t\t\t\t\t\t<\/div>\n\t\t\t\t\t\t      \t\t\t\t\t<div class=\"proradio-col proradio-col__post proradio-s12 proradio-m6 proradio-l4\">\n\t      \t\t\t\t\t<article class=\"proradio-post proradio-post__card proradio-post__card--shows proradio-darkbg proradio-negative post-1827 shows type-shows status-publish has-post-thumbnail hentry genre-pop\" data-qtwaypoints>\n\t<div class=\"proradio-bgimg proradio-bgimg--full proradio-duotone\">\n\t\t<img decoding=\"async\" width=\"770\" height=\"433\" src=\"https:\/\/radioapolo.com.br\/wp-content\/uploads\/2015\/03\/wallpaper-horadoouvinte-770x433.jpg\" class=\"proradio-post__thumb wp-post-image\" alt=\"\" srcset=\"https:\/\/radioapolo.com.br\/wp-content\/uploads\/2015\/03\/wallpaper-horadoouvinte-770x433.jpg 770w, https:\/\/radioapolo.com.br\/wp-content\/uploads\/2015\/03\/wallpaper-horadoouvinte-1170x658.jpg 1170w, https:\/\/radioapolo.com.br\/wp-content\/uploads\/2015\/03\/wallpaper-horadoouvinte-768x432.jpg 768w, https:\/\/radioapolo.com.br\/wp-content\/uploads\/2015\/03\/wallpaper-horadoouvinte-1536x864.jpg 1536w, https:\/\/radioapolo.com.br\/wp-content\/uploads\/2015\/03\/wallpaper-horadoouvinte.jpg 1919w\" sizes=\"(max-width: 770px) 100vw, 770px\" \/>\t<\/div>\n\t<div class=\"proradio-post__headercont\">\n\n\t\t\n\t\t<a class=\"proradio-post__header__link\" href=\"https:\/\/radioapolo.com.br\/index.php\/shows\/hora-do-ouvinte\/\"><\/a>\n\t\t<div class=\"proradio-post__card__cap\">\n\t\t\t<p class=\"proradio-cats\">\n\t\t\t\t<a href=\"https:\/\/radioapolo.com.br\/index.php\/showgenre\/pop\/\" class=\"proradio-catid-63\">Pop<\/a>\t\t\t<\/p>\n\t\t\t<h3 class=\"proradio-post__title proradio-cutme-t-2 proradio-h4\"><a href=\"https:\/\/radioapolo.com.br\/index.php\/shows\/hora-do-ouvinte\/\">Hora do Ouvinte<\/a><\/h3>\n\t\t\t\t\t\t\t<p class=\"proradio-itemmetas\">\n\t\t\t\t\t4:00 pm - 5:00 pm\t\t\t\t<\/p>\n\t\t\t\t\t\t<\/div>\n\t\t\t\t<i class='material-icons proradio-post__switchcontent' data-proradio-activates=\"gparent\">more_vert<\/i>\n\t\t\t<\/div>\n\t\t\t<div class=\"proradio-post__headercont--ex proradio-paper\">\n\t\t\t<h4><a href=\"https:\/\/radioapolo.com.br\/index.php\/shows\/hora-do-ouvinte\/\">Hora do Ouvinte<\/a><\/h4>\n\t\t\t\t\t\t\t<h6 class=\"proradio-cutme-t\">\n\t\t\t\t\tApolo FM\t\t\t\t<\/h6>\n\t\t\t\t\t\t\t<p>Durante essas horas especiais, abrimos as linhas telef\u00f4nicas e as redes sociais para ouvir suas hist\u00f3rias, pedidos musicais, mensagens e dedicat\u00f3rias.<\/p>\n\t\t\t<i class='material-icons proradio-post__switchcontent' data-proradio-activates=\"gparent\">close<\/i>\n\t\t<\/div>\n\t\t\t\n<\/article>\t\t\t\t\t\t<\/div>\n\t\t\t\t\t\t      \t\t\t\t\t<div class=\"proradio-col proradio-col__post proradio-s12 proradio-m6 proradio-l4\">\n\t      \t\t\t\t\t<article class=\"proradio-post proradio-post__card proradio-post__card--shows proradio-darkbg proradio-negative post-1827 shows type-shows status-publish has-post-thumbnail hentry genre-pop\" data-qtwaypoints>\n\t<div class=\"proradio-bgimg proradio-bgimg--full proradio-duotone\">\n\t\t<img decoding=\"async\" width=\"770\" height=\"433\" src=\"https:\/\/radioapolo.com.br\/wp-content\/uploads\/2015\/03\/wallpaper-horadoouvinte-770x433.jpg\" class=\"proradio-post__thumb wp-post-image\" alt=\"\" srcset=\"https:\/\/radioapolo.com.br\/wp-content\/uploads\/2015\/03\/wallpaper-horadoouvinte-770x433.jpg 770w, https:\/\/radioapolo.com.br\/wp-content\/uploads\/2015\/03\/wallpaper-horadoouvinte-1170x658.jpg 1170w, https:\/\/radioapolo.com.br\/wp-content\/uploads\/2015\/03\/wallpaper-horadoouvinte-768x432.jpg 768w, https:\/\/radioapolo.com.br\/wp-content\/uploads\/2015\/03\/wallpaper-horadoouvinte-1536x864.jpg 1536w, https:\/\/radioapolo.com.br\/wp-content\/uploads\/2015\/03\/wallpaper-horadoouvinte.jpg 1919w\" sizes=\"(max-width: 770px) 100vw, 770px\" \/>\t<\/div>\n\t<div class=\"proradio-post__headercont\">\n\n\t\t\n\t\t<a class=\"proradio-post__header__link\" href=\"https:\/\/radioapolo.com.br\/index.php\/shows\/hora-do-ouvinte\/\"><\/a>\n\t\t<div class=\"proradio-post__card__cap\">\n\t\t\t<p class=\"proradio-cats\">\n\t\t\t\t<a href=\"https:\/\/radioapolo.com.br\/index.php\/showgenre\/pop\/\" class=\"proradio-catid-63\">Pop<\/a>\t\t\t<\/p>\n\t\t\t<h3 class=\"proradio-post__title proradio-cutme-t-2 proradio-h4\"><a href=\"https:\/\/radioapolo.com.br\/index.php\/shows\/hora-do-ouvinte\/\">Hora do Ouvinte<\/a><\/h3>\n\t\t\t\t\t\t\t<p class=\"proradio-itemmetas\">\n\t\t\t\t\t7:00 pm - 8:00 pm\t\t\t\t<\/p>\n\t\t\t\t\t\t<\/div>\n\t\t\t\t<i class='material-icons proradio-post__switchcontent' data-proradio-activates=\"gparent\">more_vert<\/i>\n\t\t\t<\/div>\n\t\t\t<div class=\"proradio-post__headercont--ex proradio-paper\">\n\t\t\t<h4><a href=\"https:\/\/radioapolo.com.br\/index.php\/shows\/hora-do-ouvinte\/\">Hora do Ouvinte<\/a><\/h4>\n\t\t\t\t\t\t\t<h6 class=\"proradio-cutme-t\">\n\t\t\t\t\tApolo FM\t\t\t\t<\/h6>\n\t\t\t\t\t\t\t<p>Durante essas horas especiais, abrimos as linhas telef\u00f4nicas e as redes sociais para ouvir suas hist\u00f3rias, pedidos musicais, mensagens e dedicat\u00f3rias.<\/p>\n\t\t\t<i class='material-icons proradio-post__switchcontent' data-proradio-activates=\"gparent\">close<\/i>\n\t\t<\/div>\n\t\t\t\n<\/article>\t\t\t\t\t\t<\/div>\n\t\t\t\t\t\t<\/div>\n<!-- SCHEDULE DAY END ================================================== -->\t\t\t<\/div>\n\t\t\t\t\t\t<div id=\"proradio-shortcodeschedule-1830\" class=\"proradio-tabs__content\">\n\t\t\t\t<h3 class=\"proradio-schedule__dayname\">Ter\u00e7a<\/h3>\n\t\t\t\t<!-- SCHEDULE DAY ================================================== -->\n<div class=\"proradio-row \">\n\t      \t\t\t\t\t<div class=\"proradio-col proradio-col__post proradio-s12 proradio-m6 proradio-l4\">\n\t      \t\t\t\t\t<article class=\"proradio-post proradio-post__card proradio-post__card--shows proradio-darkbg proradio-negative post-1828 shows type-shows status-publish has-post-thumbnail hentry genre-pop\" data-qtwaypoints>\n\t<div class=\"proradio-bgimg proradio-bgimg--full proradio-duotone\">\n\t\t<img decoding=\"async\" width=\"770\" height=\"433\" src=\"https:\/\/radioapolo.com.br\/wp-content\/uploads\/2015\/03\/wallpaper-sofitmusic-770x433.jpg\" class=\"proradio-post__thumb wp-post-image\" alt=\"\" srcset=\"https:\/\/radioapolo.com.br\/wp-content\/uploads\/2015\/03\/wallpaper-sofitmusic-770x433.jpg 770w, https:\/\/radioapolo.com.br\/wp-content\/uploads\/2015\/03\/wallpaper-sofitmusic-1170x658.jpg 1170w, https:\/\/radioapolo.com.br\/wp-content\/uploads\/2015\/03\/wallpaper-sofitmusic-768x432.jpg 768w, https:\/\/radioapolo.com.br\/wp-content\/uploads\/2015\/03\/wallpaper-sofitmusic-1536x864.jpg 1536w, https:\/\/radioapolo.com.br\/wp-content\/uploads\/2015\/03\/wallpaper-sofitmusic.jpg 1919w\" sizes=\"(max-width: 770px) 100vw, 770px\" \/>\t<\/div>\n\t<div class=\"proradio-post__headercont\">\n\n\t\t\n\t\t<a class=\"proradio-post__header__link\" href=\"https:\/\/radioapolo.com.br\/index.php\/shows\/soft-music\/\"><\/a>\n\t\t<div class=\"proradio-post__card__cap\">\n\t\t\t<p class=\"proradio-cats\">\n\t\t\t\t<a href=\"https:\/\/radioapolo.com.br\/index.php\/showgenre\/pop\/\" class=\"proradio-catid-63\">Pop<\/a>\t\t\t<\/p>\n\t\t\t<h3 class=\"proradio-post__title proradio-cutme-t-2 proradio-h4\"><a href=\"https:\/\/radioapolo.com.br\/index.php\/shows\/soft-music\/\">Soft Music<\/a><\/h3>\n\t\t\t\t\t\t\t<p class=\"proradio-itemmetas\">\n\t\t\t\t\t12:00 pm - 1:00 pm\t\t\t\t<\/p>\n\t\t\t\t\t\t<\/div>\n\t\t\t\t<i class='material-icons proradio-post__switchcontent' data-proradio-activates=\"gparent\">more_vert<\/i>\n\t\t\t<\/div>\n\t\t\t<div class=\"proradio-post__headercont--ex proradio-paper\">\n\t\t\t<h4><a href=\"https:\/\/radioapolo.com.br\/index.php\/shows\/soft-music\/\">Soft Music<\/a><\/h4>\n\t\t\t\t\t\t\t<h6 class=\"proradio-cutme-t\">\n\t\t\t\t\tApolo FM\t\t\t\t<\/h6>\n\t\t\t\t\t\t\t<p>Durante uma hora inteira, n\u00f3s selecionamos as melhores m\u00fasicas para proporcionar um momento de tranquilidade e bem-estar no seu dia.<\/p>\n\t\t\t<i class='material-icons proradio-post__switchcontent' data-proradio-activates=\"gparent\">close<\/i>\n\t\t<\/div>\n\t\t\t\n<\/article>\t\t\t\t\t\t<\/div>\n\t\t\t\t\t\t      \t\t\t\t\t<div class=\"proradio-col proradio-col__post proradio-s12 proradio-m6 proradio-l4\">\n\t      \t\t\t\t\t<article class=\"proradio-post proradio-post__card proradio-post__card--shows proradio-darkbg proradio-negative post-1827 shows type-shows status-publish has-post-thumbnail hentry genre-pop\" data-qtwaypoints>\n\t<div class=\"proradio-bgimg proradio-bgimg--full proradio-duotone\">\n\t\t<img decoding=\"async\" width=\"770\" height=\"433\" src=\"https:\/\/radioapolo.com.br\/wp-content\/uploads\/2015\/03\/wallpaper-horadoouvinte-770x433.jpg\" class=\"proradio-post__thumb wp-post-image\" alt=\"\" srcset=\"https:\/\/radioapolo.com.br\/wp-content\/uploads\/2015\/03\/wallpaper-horadoouvinte-770x433.jpg 770w, https:\/\/radioapolo.com.br\/wp-content\/uploads\/2015\/03\/wallpaper-horadoouvinte-1170x658.jpg 1170w, https:\/\/radioapolo.com.br\/wp-content\/uploads\/2015\/03\/wallpaper-horadoouvinte-768x432.jpg 768w, https:\/\/radioapolo.com.br\/wp-content\/uploads\/2015\/03\/wallpaper-horadoouvinte-1536x864.jpg 1536w, https:\/\/radioapolo.com.br\/wp-content\/uploads\/2015\/03\/wallpaper-horadoouvinte.jpg 1919w\" sizes=\"(max-width: 770px) 100vw, 770px\" \/>\t<\/div>\n\t<div class=\"proradio-post__headercont\">\n\n\t\t\n\t\t<a class=\"proradio-post__header__link\" href=\"https:\/\/radioapolo.com.br\/index.php\/shows\/hora-do-ouvinte\/\"><\/a>\n\t\t<div class=\"proradio-post__card__cap\">\n\t\t\t<p class=\"proradio-cats\">\n\t\t\t\t<a href=\"https:\/\/radioapolo.com.br\/index.php\/showgenre\/pop\/\" class=\"proradio-catid-63\">Pop<\/a>\t\t\t<\/p>\n\t\t\t<h3 class=\"proradio-post__title proradio-cutme-t-2 proradio-h4\"><a href=\"https:\/\/radioapolo.com.br\/index.php\/shows\/hora-do-ouvinte\/\">Hora do Ouvinte<\/a><\/h3>\n\t\t\t\t\t\t\t<p class=\"proradio-itemmetas\">\n\t\t\t\t\t11:00 am - 12:00 pm\t\t\t\t<\/p>\n\t\t\t\t\t\t<\/div>\n\t\t\t\t<i class='material-icons proradio-post__switchcontent' data-proradio-activates=\"gparent\">more_vert<\/i>\n\t\t\t<\/div>\n\t\t\t<div class=\"proradio-post__headercont--ex proradio-paper\">\n\t\t\t<h4><a href=\"https:\/\/radioapolo.com.br\/index.php\/shows\/hora-do-ouvinte\/\">Hora do Ouvinte<\/a><\/h4>\n\t\t\t\t\t\t\t<h6 class=\"proradio-cutme-t\">\n\t\t\t\t\tApolo FM\t\t\t\t<\/h6>\n\t\t\t\t\t\t\t<p>Durante essas horas especiais, abrimos as linhas telef\u00f4nicas e as redes sociais para ouvir suas hist\u00f3rias, pedidos musicais, mensagens e dedicat\u00f3rias.<\/p>\n\t\t\t<i class='material-icons proradio-post__switchcontent' data-proradio-activates=\"gparent\">close<\/i>\n\t\t<\/div>\n\t\t\t\n<\/article>\t\t\t\t\t\t<\/div>\n\t\t\t\t\t\t      \t\t\t\t\t<div class=\"proradio-col proradio-col__post proradio-s12 proradio-m6 proradio-l4\">\n\t      \t\t\t\t\t<article class=\"proradio-post proradio-post__card proradio-post__card--shows proradio-darkbg proradio-negative post-1826 shows type-shows status-publish has-post-thumbnail hentry genre-pop\" data-qtwaypoints>\n\t<div class=\"proradio-bgimg proradio-bgimg--full proradio-duotone\">\n\t\t<img loading=\"lazy\" decoding=\"async\" width=\"770\" height=\"433\" src=\"https:\/\/radioapolo.com.br\/wp-content\/uploads\/2015\/03\/wallpaper-inthenight-770x433.jpg\" class=\"proradio-post__thumb wp-post-image\" alt=\"\" srcset=\"https:\/\/radioapolo.com.br\/wp-content\/uploads\/2015\/03\/wallpaper-inthenight-770x433.jpg 770w, https:\/\/radioapolo.com.br\/wp-content\/uploads\/2015\/03\/wallpaper-inthenight-1170x658.jpg 1170w, https:\/\/radioapolo.com.br\/wp-content\/uploads\/2015\/03\/wallpaper-inthenight-768x432.jpg 768w, https:\/\/radioapolo.com.br\/wp-content\/uploads\/2015\/03\/wallpaper-inthenight-1536x864.jpg 1536w, https:\/\/radioapolo.com.br\/wp-content\/uploads\/2015\/03\/wallpaper-inthenight.jpg 1919w\" sizes=\"(max-width: 770px) 100vw, 770px\" \/>\t<\/div>\n\t<div class=\"proradio-post__headercont\">\n\n\t\t\n\t\t<a class=\"proradio-post__header__link\" href=\"https:\/\/radioapolo.com.br\/index.php\/shows\/in-the-night\/\"><\/a>\n\t\t<div class=\"proradio-post__card__cap\">\n\t\t\t<p class=\"proradio-cats\">\n\t\t\t\t<a href=\"https:\/\/radioapolo.com.br\/index.php\/showgenre\/pop\/\" class=\"proradio-catid-63\">Pop<\/a>\t\t\t<\/p>\n\t\t\t<h3 class=\"proradio-post__title proradio-cutme-t-2 proradio-h4\"><a href=\"https:\/\/radioapolo.com.br\/index.php\/shows\/in-the-night\/\">In The Night<\/a><\/h3>\n\t\t\t\t\t\t\t<p class=\"proradio-itemmetas\">\n\t\t\t\t\t4:00 pm - 5:00 pm\t\t\t\t<\/p>\n\t\t\t\t\t\t<\/div>\n\t\t\t\t<i class='material-icons proradio-post__switchcontent' data-proradio-activates=\"gparent\">more_vert<\/i>\n\t\t\t<\/div>\n\t\t\t<div class=\"proradio-post__headercont--ex proradio-paper\">\n\t\t\t<h4><a href=\"https:\/\/radioapolo.com.br\/index.php\/shows\/in-the-night\/\">In The Night<\/a><\/h4>\n\t\t\t\t\t\t\t<h6 class=\"proradio-cutme-t\">\n\t\t\t\t\tApolo FM\t\t\t\t<\/h6>\n\t\t\t\t\t\t\t<p>O programa In The Night \u00e9 o companheiro ideal para as suas noites, com uma sele\u00e7\u00e3o cuidadosamente elaborada de hits que v\u00e3o embalar os seus momentos mais introspectivos e emocionantes.<\/p>\n\t\t\t<i class='material-icons proradio-post__switchcontent' data-proradio-activates=\"gparent\">close<\/i>\n\t\t<\/div>\n\t\t\t\n<\/article>\t\t\t\t\t\t<\/div>\n\t\t\t\t\t\t      \t\t\t\t\t<div class=\"proradio-col proradio-col__post proradio-s12 proradio-m6 proradio-l4\">\n\t      \t\t\t\t\t<article class=\"proradio-post proradio-post__card proradio-post__card--shows proradio-darkbg proradio-negative post-1827 shows type-shows status-publish has-post-thumbnail hentry genre-pop\" data-qtwaypoints>\n\t<div class=\"proradio-bgimg proradio-bgimg--full proradio-duotone\">\n\t\t<img decoding=\"async\" width=\"770\" height=\"433\" src=\"https:\/\/radioapolo.com.br\/wp-content\/uploads\/2015\/03\/wallpaper-horadoouvinte-770x433.jpg\" class=\"proradio-post__thumb wp-post-image\" alt=\"\" srcset=\"https:\/\/radioapolo.com.br\/wp-content\/uploads\/2015\/03\/wallpaper-horadoouvinte-770x433.jpg 770w, https:\/\/radioapolo.com.br\/wp-content\/uploads\/2015\/03\/wallpaper-horadoouvinte-1170x658.jpg 1170w, https:\/\/radioapolo.com.br\/wp-content\/uploads\/2015\/03\/wallpaper-horadoouvinte-768x432.jpg 768w, https:\/\/radioapolo.com.br\/wp-content\/uploads\/2015\/03\/wallpaper-horadoouvinte-1536x864.jpg 1536w, https:\/\/radioapolo.com.br\/wp-content\/uploads\/2015\/03\/wallpaper-horadoouvinte.jpg 1919w\" sizes=\"(max-width: 770px) 100vw, 770px\" \/>\t<\/div>\n\t<div class=\"proradio-post__headercont\">\n\n\t\t\n\t\t<a class=\"proradio-post__header__link\" href=\"https:\/\/radioapolo.com.br\/index.php\/shows\/hora-do-ouvinte\/\"><\/a>\n\t\t<div class=\"proradio-post__card__cap\">\n\t\t\t<p class=\"proradio-cats\">\n\t\t\t\t<a href=\"https:\/\/radioapolo.com.br\/index.php\/showgenre\/pop\/\" class=\"proradio-catid-63\">Pop<\/a>\t\t\t<\/p>\n\t\t\t<h3 class=\"proradio-post__title proradio-cutme-t-2 proradio-h4\"><a href=\"https:\/\/radioapolo.com.br\/index.php\/shows\/hora-do-ouvinte\/\">Hora do Ouvinte<\/a><\/h3>\n\t\t\t\t\t\t\t<p class=\"proradio-itemmetas\">\n\t\t\t\t\t7:00 pm - 8:00 pm\t\t\t\t<\/p>\n\t\t\t\t\t\t<\/div>\n\t\t\t\t<i class='material-icons proradio-post__switchcontent' data-proradio-activates=\"gparent\">more_vert<\/i>\n\t\t\t<\/div>\n\t\t\t<div class=\"proradio-post__headercont--ex proradio-paper\">\n\t\t\t<h4><a href=\"https:\/\/radioapolo.com.br\/index.php\/shows\/hora-do-ouvinte\/\">Hora do Ouvinte<\/a><\/h4>\n\t\t\t\t\t\t\t<h6 class=\"proradio-cutme-t\">\n\t\t\t\t\tApolo FM\t\t\t\t<\/h6>\n\t\t\t\t\t\t\t<p>Durante essas horas especiais, abrimos as linhas telef\u00f4nicas e as redes sociais para ouvir suas hist\u00f3rias, pedidos musicais, mensagens e dedicat\u00f3rias.<\/p>\n\t\t\t<i class='material-icons proradio-post__switchcontent' data-proradio-activates=\"gparent\">close<\/i>\n\t\t<\/div>\n\t\t\t\n<\/article>\t\t\t\t\t\t<\/div>\n\t\t\t\t\t\t      \t\t\t\t\t<div class=\"proradio-col proradio-col__post proradio-s12 proradio-m6 proradio-l4\">\n\t      \t\t\t\t\t<article class=\"proradio-post proradio-post__card proradio-post__card--shows proradio-darkbg proradio-negative post-1823 shows type-shows status-publish has-post-thumbnail hentry genre-pop\" data-qtwaypoints>\n\t<div class=\"proradio-bgimg proradio-bgimg--full proradio-duotone\">\n\t\t<img loading=\"lazy\" decoding=\"async\" width=\"770\" height=\"433\" src=\"https:\/\/radioapolo.com.br\/wp-content\/uploads\/2015\/03\/wallpaper-kpop-770x433.jpg\" class=\"proradio-post__thumb wp-post-image\" alt=\"\" srcset=\"https:\/\/radioapolo.com.br\/wp-content\/uploads\/2015\/03\/wallpaper-kpop-770x433.jpg 770w, https:\/\/radioapolo.com.br\/wp-content\/uploads\/2015\/03\/wallpaper-kpop-1170x658.jpg 1170w, https:\/\/radioapolo.com.br\/wp-content\/uploads\/2015\/03\/wallpaper-kpop-768x432.jpg 768w, https:\/\/radioapolo.com.br\/wp-content\/uploads\/2015\/03\/wallpaper-kpop-1536x864.jpg 1536w, https:\/\/radioapolo.com.br\/wp-content\/uploads\/2015\/03\/wallpaper-kpop.jpg 1919w\" sizes=\"(max-width: 770px) 100vw, 770px\" \/>\t<\/div>\n\t<div class=\"proradio-post__headercont\">\n\n\t\t\n\t\t<a class=\"proradio-post__header__link\" href=\"https:\/\/radioapolo.com.br\/index.php\/shows\/k-pop\/\"><\/a>\n\t\t<div class=\"proradio-post__card__cap\">\n\t\t\t<p class=\"proradio-cats\">\n\t\t\t\t<a href=\"https:\/\/radioapolo.com.br\/index.php\/showgenre\/pop\/\" class=\"proradio-catid-63\">Pop<\/a>\t\t\t<\/p>\n\t\t\t<h3 class=\"proradio-post__title proradio-cutme-t-2 proradio-h4\"><a href=\"https:\/\/radioapolo.com.br\/index.php\/shows\/k-pop\/\">K-Pop<\/a><\/h3>\n\t\t\t\t\t\t\t<p class=\"proradio-itemmetas\">\n\t\t\t\t\t8:00 pm - 9:00 pm\t\t\t\t<\/p>\n\t\t\t\t\t\t<\/div>\n\t\t\t\t<i class='material-icons proradio-post__switchcontent' data-proradio-activates=\"gparent\">more_vert<\/i>\n\t\t\t<\/div>\n\t\t\t<div class=\"proradio-post__headercont--ex proradio-paper\">\n\t\t\t<h4><a href=\"https:\/\/radioapolo.com.br\/index.php\/shows\/k-pop\/\">K-Pop<\/a><\/h4>\n\t\t\t\t\t\t\t<h6 class=\"proradio-cutme-t\">\n\t\t\t\t\tApolo FM\t\t\t\t<\/h6>\n\t\t\t\t\t\t\t<p>Todos os dias, \u00e0s 20h, a Apolo FM traz at\u00e9 voc\u00ea as melhores m\u00fasicas do cen\u00e1rio K-Pop, com os hits mais recentes e os cl\u00e1ssicos que conquistaram o cora\u00e7\u00e3o dos f\u00e3s ao redor do mundo.<\/p>\n\t\t\t<i class='material-icons proradio-post__switchcontent' data-proradio-activates=\"gparent\">close<\/i>\n\t\t<\/div>\n\t\t\t\n<\/article>\t\t\t\t\t\t<\/div>\n\t\t\t\t\t\t<\/div>\n<!-- SCHEDULE DAY END ================================================== -->\t\t\t<\/div>\n\t\t\t\t\t\t<div id=\"proradio-shortcodeschedule-1832\" class=\"proradio-tabs__content\">\n\t\t\t\t<h3 class=\"proradio-schedule__dayname\">Quarta<\/h3>\n\t\t\t\t<!-- SCHEDULE DAY ================================================== -->\n<div class=\"proradio-row \">\n\t      \t\t\t\t\t<div class=\"proradio-col proradio-col__post proradio-s12 proradio-m6 proradio-l4\">\n\t      \t\t\t\t\t<article class=\"proradio-post proradio-post__card proradio-post__card--shows proradio-darkbg proradio-negative post-1827 shows type-shows status-publish has-post-thumbnail hentry genre-pop\" data-qtwaypoints>\n\t<div class=\"proradio-bgimg proradio-bgimg--full proradio-duotone\">\n\t\t<img decoding=\"async\" width=\"770\" height=\"433\" src=\"https:\/\/radioapolo.com.br\/wp-content\/uploads\/2015\/03\/wallpaper-horadoouvinte-770x433.jpg\" class=\"proradio-post__thumb wp-post-image\" alt=\"\" srcset=\"https:\/\/radioapolo.com.br\/wp-content\/uploads\/2015\/03\/wallpaper-horadoouvinte-770x433.jpg 770w, https:\/\/radioapolo.com.br\/wp-content\/uploads\/2015\/03\/wallpaper-horadoouvinte-1170x658.jpg 1170w, https:\/\/radioapolo.com.br\/wp-content\/uploads\/2015\/03\/wallpaper-horadoouvinte-768x432.jpg 768w, https:\/\/radioapolo.com.br\/wp-content\/uploads\/2015\/03\/wallpaper-horadoouvinte-1536x864.jpg 1536w, https:\/\/radioapolo.com.br\/wp-content\/uploads\/2015\/03\/wallpaper-horadoouvinte.jpg 1919w\" sizes=\"(max-width: 770px) 100vw, 770px\" \/>\t<\/div>\n\t<div class=\"proradio-post__headercont\">\n\n\t\t\n\t\t<a class=\"proradio-post__header__link\" href=\"https:\/\/radioapolo.com.br\/index.php\/shows\/hora-do-ouvinte\/\"><\/a>\n\t\t<div class=\"proradio-post__card__cap\">\n\t\t\t<p class=\"proradio-cats\">\n\t\t\t\t<a href=\"https:\/\/radioapolo.com.br\/index.php\/showgenre\/pop\/\" class=\"proradio-catid-63\">Pop<\/a>\t\t\t<\/p>\n\t\t\t<h3 class=\"proradio-post__title proradio-cutme-t-2 proradio-h4\"><a href=\"https:\/\/radioapolo.com.br\/index.php\/shows\/hora-do-ouvinte\/\">Hora do Ouvinte<\/a><\/h3>\n\t\t\t\t\t\t\t<p class=\"proradio-itemmetas\">\n\t\t\t\t\t11:00 am - 12:00 pm\t\t\t\t<\/p>\n\t\t\t\t\t\t<\/div>\n\t\t\t\t<i class='material-icons proradio-post__switchcontent' data-proradio-activates=\"gparent\">more_vert<\/i>\n\t\t\t<\/div>\n\t\t\t<div class=\"proradio-post__headercont--ex proradio-paper\">\n\t\t\t<h4><a href=\"https:\/\/radioapolo.com.br\/index.php\/shows\/hora-do-ouvinte\/\">Hora do Ouvinte<\/a><\/h4>\n\t\t\t\t\t\t\t<h6 class=\"proradio-cutme-t\">\n\t\t\t\t\tApolo FM\t\t\t\t<\/h6>\n\t\t\t\t\t\t\t<p>Durante essas horas especiais, abrimos as linhas telef\u00f4nicas e as redes sociais para ouvir suas hist\u00f3rias, pedidos musicais, mensagens e dedicat\u00f3rias.<\/p>\n\t\t\t<i class='material-icons proradio-post__switchcontent' data-proradio-activates=\"gparent\">close<\/i>\n\t\t<\/div>\n\t\t\t\n<\/article>\t\t\t\t\t\t<\/div>\n\t\t\t\t\t\t      \t\t\t\t\t<div class=\"proradio-col proradio-col__post proradio-s12 proradio-m6 proradio-l4\">\n\t      \t\t\t\t\t<article class=\"proradio-post proradio-post__card proradio-post__card--shows proradio-darkbg proradio-negative post-1828 shows type-shows status-publish has-post-thumbnail hentry genre-pop\" data-qtwaypoints>\n\t<div class=\"proradio-bgimg proradio-bgimg--full proradio-duotone\">\n\t\t<img decoding=\"async\" width=\"770\" height=\"433\" src=\"https:\/\/radioapolo.com.br\/wp-content\/uploads\/2015\/03\/wallpaper-sofitmusic-770x433.jpg\" class=\"proradio-post__thumb wp-post-image\" alt=\"\" srcset=\"https:\/\/radioapolo.com.br\/wp-content\/uploads\/2015\/03\/wallpaper-sofitmusic-770x433.jpg 770w, https:\/\/radioapolo.com.br\/wp-content\/uploads\/2015\/03\/wallpaper-sofitmusic-1170x658.jpg 1170w, https:\/\/radioapolo.com.br\/wp-content\/uploads\/2015\/03\/wallpaper-sofitmusic-768x432.jpg 768w, https:\/\/radioapolo.com.br\/wp-content\/uploads\/2015\/03\/wallpaper-sofitmusic-1536x864.jpg 1536w, https:\/\/radioapolo.com.br\/wp-content\/uploads\/2015\/03\/wallpaper-sofitmusic.jpg 1919w\" sizes=\"(max-width: 770px) 100vw, 770px\" \/>\t<\/div>\n\t<div class=\"proradio-post__headercont\">\n\n\t\t\n\t\t<a class=\"proradio-post__header__link\" href=\"https:\/\/radioapolo.com.br\/index.php\/shows\/soft-music\/\"><\/a>\n\t\t<div class=\"proradio-post__card__cap\">\n\t\t\t<p class=\"proradio-cats\">\n\t\t\t\t<a href=\"https:\/\/radioapolo.com.br\/index.php\/showgenre\/pop\/\" class=\"proradio-catid-63\">Pop<\/a>\t\t\t<\/p>\n\t\t\t<h3 class=\"proradio-post__title proradio-cutme-t-2 proradio-h4\"><a href=\"https:\/\/radioapolo.com.br\/index.php\/shows\/soft-music\/\">Soft Music<\/a><\/h3>\n\t\t\t\t\t\t\t<p class=\"proradio-itemmetas\">\n\t\t\t\t\t12:00 pm - 1:00 pm\t\t\t\t<\/p>\n\t\t\t\t\t\t<\/div>\n\t\t\t\t<i class='material-icons proradio-post__switchcontent' data-proradio-activates=\"gparent\">more_vert<\/i>\n\t\t\t<\/div>\n\t\t\t<div class=\"proradio-post__headercont--ex proradio-paper\">\n\t\t\t<h4><a href=\"https:\/\/radioapolo.com.br\/index.php\/shows\/soft-music\/\">Soft Music<\/a><\/h4>\n\t\t\t\t\t\t\t<h6 class=\"proradio-cutme-t\">\n\t\t\t\t\tApolo FM\t\t\t\t<\/h6>\n\t\t\t\t\t\t\t<p>Durante uma hora inteira, n\u00f3s selecionamos as melhores m\u00fasicas para proporcionar um momento de tranquilidade e bem-estar no seu dia.<\/p>\n\t\t\t<i class='material-icons proradio-post__switchcontent' data-proradio-activates=\"gparent\">close<\/i>\n\t\t<\/div>\n\t\t\t\n<\/article>\t\t\t\t\t\t<\/div>\n\t\t\t\t\t\t      \t\t\t\t\t<div class=\"proradio-col proradio-col__post proradio-s12 proradio-m6 proradio-l4\">\n\t      \t\t\t\t\t<article class=\"proradio-post proradio-post__card proradio-post__card--shows proradio-darkbg proradio-negative post-1827 shows type-shows status-publish has-post-thumbnail hentry genre-pop\" data-qtwaypoints>\n\t<div class=\"proradio-bgimg proradio-bgimg--full proradio-duotone\">\n\t\t<img decoding=\"async\" width=\"770\" height=\"433\" src=\"https:\/\/radioapolo.com.br\/wp-content\/uploads\/2015\/03\/wallpaper-horadoouvinte-770x433.jpg\" class=\"proradio-post__thumb wp-post-image\" alt=\"\" srcset=\"https:\/\/radioapolo.com.br\/wp-content\/uploads\/2015\/03\/wallpaper-horadoouvinte-770x433.jpg 770w, https:\/\/radioapolo.com.br\/wp-content\/uploads\/2015\/03\/wallpaper-horadoouvinte-1170x658.jpg 1170w, https:\/\/radioapolo.com.br\/wp-content\/uploads\/2015\/03\/wallpaper-horadoouvinte-768x432.jpg 768w, https:\/\/radioapolo.com.br\/wp-content\/uploads\/2015\/03\/wallpaper-horadoouvinte-1536x864.jpg 1536w, https:\/\/radioapolo.com.br\/wp-content\/uploads\/2015\/03\/wallpaper-horadoouvinte.jpg 1919w\" sizes=\"(max-width: 770px) 100vw, 770px\" \/>\t<\/div>\n\t<div class=\"proradio-post__headercont\">\n\n\t\t\n\t\t<a class=\"proradio-post__header__link\" href=\"https:\/\/radioapolo.com.br\/index.php\/shows\/hora-do-ouvinte\/\"><\/a>\n\t\t<div class=\"proradio-post__card__cap\">\n\t\t\t<p class=\"proradio-cats\">\n\t\t\t\t<a href=\"https:\/\/radioapolo.com.br\/index.php\/showgenre\/pop\/\" class=\"proradio-catid-63\">Pop<\/a>\t\t\t<\/p>\n\t\t\t<h3 class=\"proradio-post__title proradio-cutme-t-2 proradio-h4\"><a href=\"https:\/\/radioapolo.com.br\/index.php\/shows\/hora-do-ouvinte\/\">Hora do Ouvinte<\/a><\/h3>\n\t\t\t\t\t\t\t<p class=\"proradio-itemmetas\">\n\t\t\t\t\t4:00 pm - 5:00 pm\t\t\t\t<\/p>\n\t\t\t\t\t\t<\/div>\n\t\t\t\t<i class='material-icons proradio-post__switchcontent' data-proradio-activates=\"gparent\">more_vert<\/i>\n\t\t\t<\/div>\n\t\t\t<div class=\"proradio-post__headercont--ex proradio-paper\">\n\t\t\t<h4><a href=\"https:\/\/radioapolo.com.br\/index.php\/shows\/hora-do-ouvinte\/\">Hora do Ouvinte<\/a><\/h4>\n\t\t\t\t\t\t\t<h6 class=\"proradio-cutme-t\">\n\t\t\t\t\tApolo FM\t\t\t\t<\/h6>\n\t\t\t\t\t\t\t<p>Durante essas horas especiais, abrimos as linhas telef\u00f4nicas e as redes sociais para ouvir suas hist\u00f3rias, pedidos musicais, mensagens e dedicat\u00f3rias.<\/p>\n\t\t\t<i class='material-icons proradio-post__switchcontent' data-proradio-activates=\"gparent\">close<\/i>\n\t\t<\/div>\n\t\t\t\n<\/article>\t\t\t\t\t\t<\/div>\n\t\t\t\t\t\t      \t\t\t\t\t<div class=\"proradio-col proradio-col__post proradio-s12 proradio-m6 proradio-l4\">\n\t      \t\t\t\t\t<article class=\"proradio-post proradio-post__card proradio-post__card--shows proradio-darkbg proradio-negative post-1827 shows type-shows status-publish has-post-thumbnail hentry genre-pop\" data-qtwaypoints>\n\t<div class=\"proradio-bgimg proradio-bgimg--full proradio-duotone\">\n\t\t<img decoding=\"async\" width=\"770\" height=\"433\" src=\"https:\/\/radioapolo.com.br\/wp-content\/uploads\/2015\/03\/wallpaper-horadoouvinte-770x433.jpg\" class=\"proradio-post__thumb wp-post-image\" alt=\"\" srcset=\"https:\/\/radioapolo.com.br\/wp-content\/uploads\/2015\/03\/wallpaper-horadoouvinte-770x433.jpg 770w, https:\/\/radioapolo.com.br\/wp-content\/uploads\/2015\/03\/wallpaper-horadoouvinte-1170x658.jpg 1170w, https:\/\/radioapolo.com.br\/wp-content\/uploads\/2015\/03\/wallpaper-horadoouvinte-768x432.jpg 768w, https:\/\/radioapolo.com.br\/wp-content\/uploads\/2015\/03\/wallpaper-horadoouvinte-1536x864.jpg 1536w, https:\/\/radioapolo.com.br\/wp-content\/uploads\/2015\/03\/wallpaper-horadoouvinte.jpg 1919w\" sizes=\"(max-width: 770px) 100vw, 770px\" \/>\t<\/div>\n\t<div class=\"proradio-post__headercont\">\n\n\t\t\n\t\t<a class=\"proradio-post__header__link\" href=\"https:\/\/radioapolo.com.br\/index.php\/shows\/hora-do-ouvinte\/\"><\/a>\n\t\t<div class=\"proradio-post__card__cap\">\n\t\t\t<p class=\"proradio-cats\">\n\t\t\t\t<a href=\"https:\/\/radioapolo.com.br\/index.php\/showgenre\/pop\/\" class=\"proradio-catid-63\">Pop<\/a>\t\t\t<\/p>\n\t\t\t<h3 class=\"proradio-post__title proradio-cutme-t-2 proradio-h4\"><a href=\"https:\/\/radioapolo.com.br\/index.php\/shows\/hora-do-ouvinte\/\">Hora do Ouvinte<\/a><\/h3>\n\t\t\t\t\t\t\t<p class=\"proradio-itemmetas\">\n\t\t\t\t\t7:00 pm - 8:00 pm\t\t\t\t<\/p>\n\t\t\t\t\t\t<\/div>\n\t\t\t\t<i class='material-icons proradio-post__switchcontent' data-proradio-activates=\"gparent\">more_vert<\/i>\n\t\t\t<\/div>\n\t\t\t<div class=\"proradio-post__headercont--ex proradio-paper\">\n\t\t\t<h4><a href=\"https:\/\/radioapolo.com.br\/index.php\/shows\/hora-do-ouvinte\/\">Hora do Ouvinte<\/a><\/h4>\n\t\t\t\t\t\t\t<h6 class=\"proradio-cutme-t\">\n\t\t\t\t\tApolo FM\t\t\t\t<\/h6>\n\t\t\t\t\t\t\t<p>Durante essas horas especiais, abrimos as linhas telef\u00f4nicas e as redes sociais para ouvir suas hist\u00f3rias, pedidos musicais, mensagens e dedicat\u00f3rias.<\/p>\n\t\t\t<i class='material-icons proradio-post__switchcontent' data-proradio-activates=\"gparent\">close<\/i>\n\t\t<\/div>\n\t\t\t\n<\/article>\t\t\t\t\t\t<\/div>\n\t\t\t\t\t\t      \t\t\t\t\t<div class=\"proradio-col proradio-col__post proradio-s12 proradio-m6 proradio-l4\">\n\t      \t\t\t\t\t<article class=\"proradio-post proradio-post__card proradio-post__card--shows proradio-darkbg proradio-negative post-1823 shows type-shows status-publish has-post-thumbnail hentry genre-pop\" data-qtwaypoints>\n\t<div class=\"proradio-bgimg proradio-bgimg--full proradio-duotone\">\n\t\t<img loading=\"lazy\" decoding=\"async\" width=\"770\" height=\"433\" src=\"https:\/\/radioapolo.com.br\/wp-content\/uploads\/2015\/03\/wallpaper-kpop-770x433.jpg\" class=\"proradio-post__thumb wp-post-image\" alt=\"\" srcset=\"https:\/\/radioapolo.com.br\/wp-content\/uploads\/2015\/03\/wallpaper-kpop-770x433.jpg 770w, https:\/\/radioapolo.com.br\/wp-content\/uploads\/2015\/03\/wallpaper-kpop-1170x658.jpg 1170w, https:\/\/radioapolo.com.br\/wp-content\/uploads\/2015\/03\/wallpaper-kpop-768x432.jpg 768w, https:\/\/radioapolo.com.br\/wp-content\/uploads\/2015\/03\/wallpaper-kpop-1536x864.jpg 1536w, https:\/\/radioapolo.com.br\/wp-content\/uploads\/2015\/03\/wallpaper-kpop.jpg 1919w\" sizes=\"(max-width: 770px) 100vw, 770px\" \/>\t<\/div>\n\t<div class=\"proradio-post__headercont\">\n\n\t\t\n\t\t<a class=\"proradio-post__header__link\" href=\"https:\/\/radioapolo.com.br\/index.php\/shows\/k-pop\/\"><\/a>\n\t\t<div class=\"proradio-post__card__cap\">\n\t\t\t<p class=\"proradio-cats\">\n\t\t\t\t<a href=\"https:\/\/radioapolo.com.br\/index.php\/showgenre\/pop\/\" class=\"proradio-catid-63\">Pop<\/a>\t\t\t<\/p>\n\t\t\t<h3 class=\"proradio-post__title proradio-cutme-t-2 proradio-h4\"><a href=\"https:\/\/radioapolo.com.br\/index.php\/shows\/k-pop\/\">K-Pop<\/a><\/h3>\n\t\t\t\t\t\t\t<p class=\"proradio-itemmetas\">\n\t\t\t\t\t8:00 pm - 9:00 pm\t\t\t\t<\/p>\n\t\t\t\t\t\t<\/div>\n\t\t\t\t<i class='material-icons proradio-post__switchcontent' data-proradio-activates=\"gparent\">more_vert<\/i>\n\t\t\t<\/div>\n\t\t\t<div class=\"proradio-post__headercont--ex proradio-paper\">\n\t\t\t<h4><a href=\"https:\/\/radioapolo.com.br\/index.php\/shows\/k-pop\/\">K-Pop<\/a><\/h4>\n\t\t\t\t\t\t\t<h6 class=\"proradio-cutme-t\">\n\t\t\t\t\tApolo FM\t\t\t\t<\/h6>\n\t\t\t\t\t\t\t<p>Todos os dias, \u00e0s 20h, a Apolo FM traz at\u00e9 voc\u00ea as melhores m\u00fasicas do cen\u00e1rio K-Pop, com os hits mais recentes e os cl\u00e1ssicos que conquistaram o cora\u00e7\u00e3o dos f\u00e3s ao redor do mundo.<\/p>\n\t\t\t<i class='material-icons proradio-post__switchcontent' data-proradio-activates=\"gparent\">close<\/i>\n\t\t<\/div>\n\t\t\t\n<\/article>\t\t\t\t\t\t<\/div>\n\t\t\t\t\t\t<\/div>\n<!-- SCHEDULE DAY END ================================================== -->\t\t\t<\/div>\n\t\t\t\t\t\t<div id=\"proradio-shortcodeschedule-1833\" class=\"proradio-tabs__content\">\n\t\t\t\t<h3 class=\"proradio-schedule__dayname\">Quinta<\/h3>\n\t\t\t\t<!-- SCHEDULE DAY ================================================== -->\n<div class=\"proradio-row \">\n\t      \t\t\t\t\t<div class=\"proradio-col proradio-col__post proradio-s12 proradio-m6 proradio-l4\">\n\t      \t\t\t\t\t<article class=\"proradio-post proradio-post__card proradio-post__card--shows proradio-darkbg proradio-negative post-1827 shows type-shows status-publish has-post-thumbnail hentry genre-pop\" data-qtwaypoints>\n\t<div class=\"proradio-bgimg proradio-bgimg--full proradio-duotone\">\n\t\t<img decoding=\"async\" width=\"770\" height=\"433\" src=\"https:\/\/radioapolo.com.br\/wp-content\/uploads\/2015\/03\/wallpaper-horadoouvinte-770x433.jpg\" class=\"proradio-post__thumb wp-post-image\" alt=\"\" srcset=\"https:\/\/radioapolo.com.br\/wp-content\/uploads\/2015\/03\/wallpaper-horadoouvinte-770x433.jpg 770w, https:\/\/radioapolo.com.br\/wp-content\/uploads\/2015\/03\/wallpaper-horadoouvinte-1170x658.jpg 1170w, https:\/\/radioapolo.com.br\/wp-content\/uploads\/2015\/03\/wallpaper-horadoouvinte-768x432.jpg 768w, https:\/\/radioapolo.com.br\/wp-content\/uploads\/2015\/03\/wallpaper-horadoouvinte-1536x864.jpg 1536w, https:\/\/radioapolo.com.br\/wp-content\/uploads\/2015\/03\/wallpaper-horadoouvinte.jpg 1919w\" sizes=\"(max-width: 770px) 100vw, 770px\" \/>\t<\/div>\n\t<div class=\"proradio-post__headercont\">\n\n\t\t\n\t\t<a class=\"proradio-post__header__link\" href=\"https:\/\/radioapolo.com.br\/index.php\/shows\/hora-do-ouvinte\/\"><\/a>\n\t\t<div class=\"proradio-post__card__cap\">\n\t\t\t<p class=\"proradio-cats\">\n\t\t\t\t<a href=\"https:\/\/radioapolo.com.br\/index.php\/showgenre\/pop\/\" class=\"proradio-catid-63\">Pop<\/a>\t\t\t<\/p>\n\t\t\t<h3 class=\"proradio-post__title proradio-cutme-t-2 proradio-h4\"><a href=\"https:\/\/radioapolo.com.br\/index.php\/shows\/hora-do-ouvinte\/\">Hora do Ouvinte<\/a><\/h3>\n\t\t\t\t\t\t\t<p class=\"proradio-itemmetas\">\n\t\t\t\t\t11:00 am - 12:00 pm\t\t\t\t<\/p>\n\t\t\t\t\t\t<\/div>\n\t\t\t\t<i class='material-icons proradio-post__switchcontent' data-proradio-activates=\"gparent\">more_vert<\/i>\n\t\t\t<\/div>\n\t\t\t<div class=\"proradio-post__headercont--ex proradio-paper\">\n\t\t\t<h4><a href=\"https:\/\/radioapolo.com.br\/index.php\/shows\/hora-do-ouvinte\/\">Hora do Ouvinte<\/a><\/h4>\n\t\t\t\t\t\t\t<h6 class=\"proradio-cutme-t\">\n\t\t\t\t\tApolo FM\t\t\t\t<\/h6>\n\t\t\t\t\t\t\t<p>Durante essas horas especiais, abrimos as linhas telef\u00f4nicas e as redes sociais para ouvir suas hist\u00f3rias, pedidos musicais, mensagens e dedicat\u00f3rias.<\/p>\n\t\t\t<i class='material-icons proradio-post__switchcontent' data-proradio-activates=\"gparent\">close<\/i>\n\t\t<\/div>\n\t\t\t\n<\/article>\t\t\t\t\t\t<\/div>\n\t\t\t\t\t\t      \t\t\t\t\t<div class=\"proradio-col proradio-col__post proradio-s12 proradio-m6 proradio-l4\">\n\t      \t\t\t\t\t<article class=\"proradio-post proradio-post__card proradio-post__card--shows proradio-darkbg proradio-negative post-1828 shows type-shows status-publish has-post-thumbnail hentry genre-pop\" data-qtwaypoints>\n\t<div class=\"proradio-bgimg proradio-bgimg--full proradio-duotone\">\n\t\t<img decoding=\"async\" width=\"770\" height=\"433\" src=\"https:\/\/radioapolo.com.br\/wp-content\/uploads\/2015\/03\/wallpaper-sofitmusic-770x433.jpg\" class=\"proradio-post__thumb wp-post-image\" alt=\"\" srcset=\"https:\/\/radioapolo.com.br\/wp-content\/uploads\/2015\/03\/wallpaper-sofitmusic-770x433.jpg 770w, https:\/\/radioapolo.com.br\/wp-content\/uploads\/2015\/03\/wallpaper-sofitmusic-1170x658.jpg 1170w, https:\/\/radioapolo.com.br\/wp-content\/uploads\/2015\/03\/wallpaper-sofitmusic-768x432.jpg 768w, https:\/\/radioapolo.com.br\/wp-content\/uploads\/2015\/03\/wallpaper-sofitmusic-1536x864.jpg 1536w, https:\/\/radioapolo.com.br\/wp-content\/uploads\/2015\/03\/wallpaper-sofitmusic.jpg 1919w\" sizes=\"(max-width: 770px) 100vw, 770px\" \/>\t<\/div>\n\t<div class=\"proradio-post__headercont\">\n\n\t\t\n\t\t<a class=\"proradio-post__header__link\" href=\"https:\/\/radioapolo.com.br\/index.php\/shows\/soft-music\/\"><\/a>\n\t\t<div class=\"proradio-post__card__cap\">\n\t\t\t<p class=\"proradio-cats\">\n\t\t\t\t<a href=\"https:\/\/radioapolo.com.br\/index.php\/showgenre\/pop\/\" class=\"proradio-catid-63\">Pop<\/a>\t\t\t<\/p>\n\t\t\t<h3 class=\"proradio-post__title proradio-cutme-t-2 proradio-h4\"><a href=\"https:\/\/radioapolo.com.br\/index.php\/shows\/soft-music\/\">Soft Music<\/a><\/h3>\n\t\t\t\t\t\t\t<p class=\"proradio-itemmetas\">\n\t\t\t\t\t12:00 pm - 1:00 pm\t\t\t\t<\/p>\n\t\t\t\t\t\t<\/div>\n\t\t\t\t<i class='material-icons proradio-post__switchcontent' data-proradio-activates=\"gparent\">more_vert<\/i>\n\t\t\t<\/div>\n\t\t\t<div class=\"proradio-post__headercont--ex proradio-paper\">\n\t\t\t<h4><a href=\"https:\/\/radioapolo.com.br\/index.php\/shows\/soft-music\/\">Soft Music<\/a><\/h4>\n\t\t\t\t\t\t\t<h6 class=\"proradio-cutme-t\">\n\t\t\t\t\tApolo FM\t\t\t\t<\/h6>\n\t\t\t\t\t\t\t<p>Durante uma hora inteira, n\u00f3s selecionamos as melhores m\u00fasicas para proporcionar um momento de tranquilidade e bem-estar no seu dia.<\/p>\n\t\t\t<i class='material-icons proradio-post__switchcontent' data-proradio-activates=\"gparent\">close<\/i>\n\t\t<\/div>\n\t\t\t\n<\/article>\t\t\t\t\t\t<\/div>\n\t\t\t\t\t\t      \t\t\t\t\t<div class=\"proradio-col proradio-col__post proradio-s12 proradio-m6 proradio-l4\">\n\t      \t\t\t\t\t<article class=\"proradio-post proradio-post__card proradio-post__card--shows proradio-darkbg proradio-negative post-1827 shows type-shows status-publish has-post-thumbnail hentry genre-pop\" data-qtwaypoints>\n\t<div class=\"proradio-bgimg proradio-bgimg--full proradio-duotone\">\n\t\t<img decoding=\"async\" width=\"770\" height=\"433\" src=\"https:\/\/radioapolo.com.br\/wp-content\/uploads\/2015\/03\/wallpaper-horadoouvinte-770x433.jpg\" class=\"proradio-post__thumb wp-post-image\" alt=\"\" srcset=\"https:\/\/radioapolo.com.br\/wp-content\/uploads\/2015\/03\/wallpaper-horadoouvinte-770x433.jpg 770w, https:\/\/radioapolo.com.br\/wp-content\/uploads\/2015\/03\/wallpaper-horadoouvinte-1170x658.jpg 1170w, https:\/\/radioapolo.com.br\/wp-content\/uploads\/2015\/03\/wallpaper-horadoouvinte-768x432.jpg 768w, https:\/\/radioapolo.com.br\/wp-content\/uploads\/2015\/03\/wallpaper-horadoouvinte-1536x864.jpg 1536w, https:\/\/radioapolo.com.br\/wp-content\/uploads\/2015\/03\/wallpaper-horadoouvinte.jpg 1919w\" sizes=\"(max-width: 770px) 100vw, 770px\" \/>\t<\/div>\n\t<div class=\"proradio-post__headercont\">\n\n\t\t\n\t\t<a class=\"proradio-post__header__link\" href=\"https:\/\/radioapolo.com.br\/index.php\/shows\/hora-do-ouvinte\/\"><\/a>\n\t\t<div class=\"proradio-post__card__cap\">\n\t\t\t<p class=\"proradio-cats\">\n\t\t\t\t<a href=\"https:\/\/radioapolo.com.br\/index.php\/showgenre\/pop\/\" class=\"proradio-catid-63\">Pop<\/a>\t\t\t<\/p>\n\t\t\t<h3 class=\"proradio-post__title proradio-cutme-t-2 proradio-h4\"><a href=\"https:\/\/radioapolo.com.br\/index.php\/shows\/hora-do-ouvinte\/\">Hora do Ouvinte<\/a><\/h3>\n\t\t\t\t\t\t\t<p class=\"proradio-itemmetas\">\n\t\t\t\t\t4:00 pm - 5:00 pm\t\t\t\t<\/p>\n\t\t\t\t\t\t<\/div>\n\t\t\t\t<i class='material-icons proradio-post__switchcontent' data-proradio-activates=\"gparent\">more_vert<\/i>\n\t\t\t<\/div>\n\t\t\t<div class=\"proradio-post__headercont--ex proradio-paper\">\n\t\t\t<h4><a href=\"https:\/\/radioapolo.com.br\/index.php\/shows\/hora-do-ouvinte\/\">Hora do Ouvinte<\/a><\/h4>\n\t\t\t\t\t\t\t<h6 class=\"proradio-cutme-t\">\n\t\t\t\t\tApolo FM\t\t\t\t<\/h6>\n\t\t\t\t\t\t\t<p>Durante essas horas especiais, abrimos as linhas telef\u00f4nicas e as redes sociais para ouvir suas hist\u00f3rias, pedidos musicais, mensagens e dedicat\u00f3rias.<\/p>\n\t\t\t<i class='material-icons proradio-post__switchcontent' data-proradio-activates=\"gparent\">close<\/i>\n\t\t<\/div>\n\t\t\t\n<\/article>\t\t\t\t\t\t<\/div>\n\t\t\t\t\t\t      \t\t\t\t\t<div class=\"proradio-col proradio-col__post proradio-s12 proradio-m6 proradio-l4\">\n\t      \t\t\t\t\t<article class=\"proradio-post proradio-post__card proradio-post__card--shows proradio-darkbg proradio-negative post-1827 shows type-shows status-publish has-post-thumbnail hentry genre-pop\" data-qtwaypoints>\n\t<div class=\"proradio-bgimg proradio-bgimg--full proradio-duotone\">\n\t\t<img decoding=\"async\" width=\"770\" height=\"433\" src=\"https:\/\/radioapolo.com.br\/wp-content\/uploads\/2015\/03\/wallpaper-horadoouvinte-770x433.jpg\" class=\"proradio-post__thumb wp-post-image\" alt=\"\" srcset=\"https:\/\/radioapolo.com.br\/wp-content\/uploads\/2015\/03\/wallpaper-horadoouvinte-770x433.jpg 770w, https:\/\/radioapolo.com.br\/wp-content\/uploads\/2015\/03\/wallpaper-horadoouvinte-1170x658.jpg 1170w, https:\/\/radioapolo.com.br\/wp-content\/uploads\/2015\/03\/wallpaper-horadoouvinte-768x432.jpg 768w, https:\/\/radioapolo.com.br\/wp-content\/uploads\/2015\/03\/wallpaper-horadoouvinte-1536x864.jpg 1536w, https:\/\/radioapolo.com.br\/wp-content\/uploads\/2015\/03\/wallpaper-horadoouvinte.jpg 1919w\" sizes=\"(max-width: 770px) 100vw, 770px\" \/>\t<\/div>\n\t<div class=\"proradio-post__headercont\">\n\n\t\t\n\t\t<a class=\"proradio-post__header__link\" href=\"https:\/\/radioapolo.com.br\/index.php\/shows\/hora-do-ouvinte\/\"><\/a>\n\t\t<div class=\"proradio-post__card__cap\">\n\t\t\t<p class=\"proradio-cats\">\n\t\t\t\t<a href=\"https:\/\/radioapolo.com.br\/index.php\/showgenre\/pop\/\" class=\"proradio-catid-63\">Pop<\/a>\t\t\t<\/p>\n\t\t\t<h3 class=\"proradio-post__title proradio-cutme-t-2 proradio-h4\"><a href=\"https:\/\/radioapolo.com.br\/index.php\/shows\/hora-do-ouvinte\/\">Hora do Ouvinte<\/a><\/h3>\n\t\t\t\t\t\t\t<p class=\"proradio-itemmetas\">\n\t\t\t\t\t7:00 pm - 8:00 pm\t\t\t\t<\/p>\n\t\t\t\t\t\t<\/div>\n\t\t\t\t<i class='material-icons proradio-post__switchcontent' data-proradio-activates=\"gparent\">more_vert<\/i>\n\t\t\t<\/div>\n\t\t\t<div class=\"proradio-post__headercont--ex proradio-paper\">\n\t\t\t<h4><a href=\"https:\/\/radioapolo.com.br\/index.php\/shows\/hora-do-ouvinte\/\">Hora do Ouvinte<\/a><\/h4>\n\t\t\t\t\t\t\t<h6 class=\"proradio-cutme-t\">\n\t\t\t\t\tApolo FM\t\t\t\t<\/h6>\n\t\t\t\t\t\t\t<p>Durante essas horas especiais, abrimos as linhas telef\u00f4nicas e as redes sociais para ouvir suas hist\u00f3rias, pedidos musicais, mensagens e dedicat\u00f3rias.<\/p>\n\t\t\t<i class='material-icons proradio-post__switchcontent' data-proradio-activates=\"gparent\">close<\/i>\n\t\t<\/div>\n\t\t\t\n<\/article>\t\t\t\t\t\t<\/div>\n\t\t\t\t\t\t      \t\t\t\t\t<div class=\"proradio-col proradio-col__post proradio-s12 proradio-m6 proradio-l4\">\n\t      \t\t\t\t\t<article class=\"proradio-post proradio-post__card proradio-post__card--shows proradio-darkbg proradio-negative post-1823 shows type-shows status-publish has-post-thumbnail hentry genre-pop\" data-qtwaypoints>\n\t<div class=\"proradio-bgimg proradio-bgimg--full proradio-duotone\">\n\t\t<img loading=\"lazy\" decoding=\"async\" width=\"770\" height=\"433\" src=\"https:\/\/radioapolo.com.br\/wp-content\/uploads\/2015\/03\/wallpaper-kpop-770x433.jpg\" class=\"proradio-post__thumb wp-post-image\" alt=\"\" srcset=\"https:\/\/radioapolo.com.br\/wp-content\/uploads\/2015\/03\/wallpaper-kpop-770x433.jpg 770w, https:\/\/radioapolo.com.br\/wp-content\/uploads\/2015\/03\/wallpaper-kpop-1170x658.jpg 1170w, https:\/\/radioapolo.com.br\/wp-content\/uploads\/2015\/03\/wallpaper-kpop-768x432.jpg 768w, https:\/\/radioapolo.com.br\/wp-content\/uploads\/2015\/03\/wallpaper-kpop-1536x864.jpg 1536w, https:\/\/radioapolo.com.br\/wp-content\/uploads\/2015\/03\/wallpaper-kpop.jpg 1919w\" sizes=\"(max-width: 770px) 100vw, 770px\" \/>\t<\/div>\n\t<div class=\"proradio-post__headercont\">\n\n\t\t\n\t\t<a class=\"proradio-post__header__link\" href=\"https:\/\/radioapolo.com.br\/index.php\/shows\/k-pop\/\"><\/a>\n\t\t<div class=\"proradio-post__card__cap\">\n\t\t\t<p class=\"proradio-cats\">\n\t\t\t\t<a href=\"https:\/\/radioapolo.com.br\/index.php\/showgenre\/pop\/\" class=\"proradio-catid-63\">Pop<\/a>\t\t\t<\/p>\n\t\t\t<h3 class=\"proradio-post__title proradio-cutme-t-2 proradio-h4\"><a href=\"https:\/\/radioapolo.com.br\/index.php\/shows\/k-pop\/\">K-Pop<\/a><\/h3>\n\t\t\t\t\t\t\t<p class=\"proradio-itemmetas\">\n\t\t\t\t\t8:00 pm - 9:00 pm\t\t\t\t<\/p>\n\t\t\t\t\t\t<\/div>\n\t\t\t\t<i class='material-icons proradio-post__switchcontent' data-proradio-activates=\"gparent\">more_vert<\/i>\n\t\t\t<\/div>\n\t\t\t<div class=\"proradio-post__headercont--ex proradio-paper\">\n\t\t\t<h4><a href=\"https:\/\/radioapolo.com.br\/index.php\/shows\/k-pop\/\">K-Pop<\/a><\/h4>\n\t\t\t\t\t\t\t<h6 class=\"proradio-cutme-t\">\n\t\t\t\t\tApolo FM\t\t\t\t<\/h6>\n\t\t\t\t\t\t\t<p>Todos os dias, \u00e0s 20h, a Apolo FM traz at\u00e9 voc\u00ea as melhores m\u00fasicas do cen\u00e1rio K-Pop, com os hits mais recentes e os cl\u00e1ssicos que conquistaram o cora\u00e7\u00e3o dos f\u00e3s ao redor do mundo.<\/p>\n\t\t\t<i class='material-icons proradio-post__switchcontent' data-proradio-activates=\"gparent\">close<\/i>\n\t\t<\/div>\n\t\t\t\n<\/article>\t\t\t\t\t\t<\/div>\n\t\t\t\t\t\t      \t\t\t\t\t<div class=\"proradio-col proradio-col__post proradio-s12 proradio-m6 proradio-l4\">\n\t      \t\t\t\t\t<article class=\"proradio-post proradio-post__card proradio-post__card--shows proradio-darkbg proradio-negative post-1826 shows type-shows status-publish has-post-thumbnail hentry genre-pop\" data-qtwaypoints>\n\t<div class=\"proradio-bgimg proradio-bgimg--full proradio-duotone\">\n\t\t<img loading=\"lazy\" decoding=\"async\" width=\"770\" height=\"433\" src=\"https:\/\/radioapolo.com.br\/wp-content\/uploads\/2015\/03\/wallpaper-inthenight-770x433.jpg\" class=\"proradio-post__thumb wp-post-image\" alt=\"\" srcset=\"https:\/\/radioapolo.com.br\/wp-content\/uploads\/2015\/03\/wallpaper-inthenight-770x433.jpg 770w, https:\/\/radioapolo.com.br\/wp-content\/uploads\/2015\/03\/wallpaper-inthenight-1170x658.jpg 1170w, https:\/\/radioapolo.com.br\/wp-content\/uploads\/2015\/03\/wallpaper-inthenight-768x432.jpg 768w, https:\/\/radioapolo.com.br\/wp-content\/uploads\/2015\/03\/wallpaper-inthenight-1536x864.jpg 1536w, https:\/\/radioapolo.com.br\/wp-content\/uploads\/2015\/03\/wallpaper-inthenight.jpg 1919w\" sizes=\"(max-width: 770px) 100vw, 770px\" \/>\t<\/div>\n\t<div class=\"proradio-post__headercont\">\n\n\t\t\n\t\t<a class=\"proradio-post__header__link\" href=\"https:\/\/radioapolo.com.br\/index.php\/shows\/in-the-night\/\"><\/a>\n\t\t<div class=\"proradio-post__card__cap\">\n\t\t\t<p class=\"proradio-cats\">\n\t\t\t\t<a href=\"https:\/\/radioapolo.com.br\/index.php\/showgenre\/pop\/\" class=\"proradio-catid-63\">Pop<\/a>\t\t\t<\/p>\n\t\t\t<h3 class=\"proradio-post__title proradio-cutme-t-2 proradio-h4\"><a href=\"https:\/\/radioapolo.com.br\/index.php\/shows\/in-the-night\/\">In The Night<\/a><\/h3>\n\t\t\t\t\t\t\t<p class=\"proradio-itemmetas\">\n\t\t\t\t\t10:00 pm - 11:59 pm\t\t\t\t<\/p>\n\t\t\t\t\t\t<\/div>\n\t\t\t\t<i class='material-icons proradio-post__switchcontent' data-proradio-activates=\"gparent\">more_vert<\/i>\n\t\t\t<\/div>\n\t\t\t<div class=\"proradio-post__headercont--ex proradio-paper\">\n\t\t\t<h4><a href=\"https:\/\/radioapolo.com.br\/index.php\/shows\/in-the-night\/\">In The Night<\/a><\/h4>\n\t\t\t\t\t\t\t<h6 class=\"proradio-cutme-t\">\n\t\t\t\t\tApolo FM\t\t\t\t<\/h6>\n\t\t\t\t\t\t\t<p>O programa In The Night \u00e9 o companheiro ideal para as suas noites, com uma sele\u00e7\u00e3o cuidadosamente elaborada de hits que v\u00e3o embalar os seus momentos mais introspectivos e emocionantes.<\/p>\n\t\t\t<i class='material-icons proradio-post__switchcontent' data-proradio-activates=\"gparent\">close<\/i>\n\t\t<\/div>\n\t\t\t\n<\/article>\t\t\t\t\t\t<\/div>\n\t\t\t\t\t\t<\/div>\n<!-- SCHEDULE DAY END ================================================== -->\t\t\t<\/div>\n\t\t\t\t\t\t<div id=\"proradio-shortcodeschedule-1834\" class=\"proradio-tabs__content\">\n\t\t\t\t<h3 class=\"proradio-schedule__dayname\">Sexta<\/h3>\n\t\t\t\t<!-- SCHEDULE DAY ================================================== -->\n<div class=\"proradio-row \">\n\t      \t\t\t\t\t<div class=\"proradio-col proradio-col__post proradio-s12 proradio-m6 proradio-l4\">\n\t      \t\t\t\t\t<article class=\"proradio-post proradio-post__card proradio-post__card--shows proradio-darkbg proradio-negative post-1827 shows type-shows status-publish has-post-thumbnail hentry genre-pop\" data-qtwaypoints>\n\t<div class=\"proradio-bgimg proradio-bgimg--full proradio-duotone\">\n\t\t<img decoding=\"async\" width=\"770\" height=\"433\" src=\"https:\/\/radioapolo.com.br\/wp-content\/uploads\/2015\/03\/wallpaper-horadoouvinte-770x433.jpg\" class=\"proradio-post__thumb wp-post-image\" alt=\"\" srcset=\"https:\/\/radioapolo.com.br\/wp-content\/uploads\/2015\/03\/wallpaper-horadoouvinte-770x433.jpg 770w, https:\/\/radioapolo.com.br\/wp-content\/uploads\/2015\/03\/wallpaper-horadoouvinte-1170x658.jpg 1170w, https:\/\/radioapolo.com.br\/wp-content\/uploads\/2015\/03\/wallpaper-horadoouvinte-768x432.jpg 768w, https:\/\/radioapolo.com.br\/wp-content\/uploads\/2015\/03\/wallpaper-horadoouvinte-1536x864.jpg 1536w, https:\/\/radioapolo.com.br\/wp-content\/uploads\/2015\/03\/wallpaper-horadoouvinte.jpg 1919w\" sizes=\"(max-width: 770px) 100vw, 770px\" \/>\t<\/div>\n\t<div class=\"proradio-post__headercont\">\n\n\t\t\n\t\t<a class=\"proradio-post__header__link\" href=\"https:\/\/radioapolo.com.br\/index.php\/shows\/hora-do-ouvinte\/\"><\/a>\n\t\t<div class=\"proradio-post__card__cap\">\n\t\t\t<p class=\"proradio-cats\">\n\t\t\t\t<a href=\"https:\/\/radioapolo.com.br\/index.php\/showgenre\/pop\/\" class=\"proradio-catid-63\">Pop<\/a>\t\t\t<\/p>\n\t\t\t<h3 class=\"proradio-post__title proradio-cutme-t-2 proradio-h4\"><a href=\"https:\/\/radioapolo.com.br\/index.php\/shows\/hora-do-ouvinte\/\">Hora do Ouvinte<\/a><\/h3>\n\t\t\t\t\t\t\t<p class=\"proradio-itemmetas\">\n\t\t\t\t\t11:00 am - 12:00 pm\t\t\t\t<\/p>\n\t\t\t\t\t\t<\/div>\n\t\t\t\t<i class='material-icons proradio-post__switchcontent' data-proradio-activates=\"gparent\">more_vert<\/i>\n\t\t\t<\/div>\n\t\t\t<div class=\"proradio-post__headercont--ex proradio-paper\">\n\t\t\t<h4><a href=\"https:\/\/radioapolo.com.br\/index.php\/shows\/hora-do-ouvinte\/\">Hora do Ouvinte<\/a><\/h4>\n\t\t\t\t\t\t\t<h6 class=\"proradio-cutme-t\">\n\t\t\t\t\tApolo FM\t\t\t\t<\/h6>\n\t\t\t\t\t\t\t<p>Durante essas horas especiais, abrimos as linhas telef\u00f4nicas e as redes sociais para ouvir suas hist\u00f3rias, pedidos musicais, mensagens e dedicat\u00f3rias.<\/p>\n\t\t\t<i class='material-icons proradio-post__switchcontent' data-proradio-activates=\"gparent\">close<\/i>\n\t\t<\/div>\n\t\t\t\n<\/article>\t\t\t\t\t\t<\/div>\n\t\t\t\t\t\t      \t\t\t\t\t<div class=\"proradio-col proradio-col__post proradio-s12 proradio-m6 proradio-l4\">\n\t      \t\t\t\t\t<article class=\"proradio-post proradio-post__card proradio-post__card--shows proradio-darkbg proradio-negative post-1828 shows type-shows status-publish has-post-thumbnail hentry genre-pop\" data-qtwaypoints>\n\t<div class=\"proradio-bgimg proradio-bgimg--full proradio-duotone\">\n\t\t<img decoding=\"async\" width=\"770\" height=\"433\" src=\"https:\/\/radioapolo.com.br\/wp-content\/uploads\/2015\/03\/wallpaper-sofitmusic-770x433.jpg\" class=\"proradio-post__thumb wp-post-image\" alt=\"\" srcset=\"https:\/\/radioapolo.com.br\/wp-content\/uploads\/2015\/03\/wallpaper-sofitmusic-770x433.jpg 770w, https:\/\/radioapolo.com.br\/wp-content\/uploads\/2015\/03\/wallpaper-sofitmusic-1170x658.jpg 1170w, https:\/\/radioapolo.com.br\/wp-content\/uploads\/2015\/03\/wallpaper-sofitmusic-768x432.jpg 768w, https:\/\/radioapolo.com.br\/wp-content\/uploads\/2015\/03\/wallpaper-sofitmusic-1536x864.jpg 1536w, https:\/\/radioapolo.com.br\/wp-content\/uploads\/2015\/03\/wallpaper-sofitmusic.jpg 1919w\" sizes=\"(max-width: 770px) 100vw, 770px\" \/>\t<\/div>\n\t<div class=\"proradio-post__headercont\">\n\n\t\t\n\t\t<a class=\"proradio-post__header__link\" href=\"https:\/\/radioapolo.com.br\/index.php\/shows\/soft-music\/\"><\/a>\n\t\t<div class=\"proradio-post__card__cap\">\n\t\t\t<p class=\"proradio-cats\">\n\t\t\t\t<a href=\"https:\/\/radioapolo.com.br\/index.php\/showgenre\/pop\/\" class=\"proradio-catid-63\">Pop<\/a>\t\t\t<\/p>\n\t\t\t<h3 class=\"proradio-post__title proradio-cutme-t-2 proradio-h4\"><a href=\"https:\/\/radioapolo.com.br\/index.php\/shows\/soft-music\/\">Soft Music<\/a><\/h3>\n\t\t\t\t\t\t\t<p class=\"proradio-itemmetas\">\n\t\t\t\t\t12:00 pm - 1:00 pm\t\t\t\t<\/p>\n\t\t\t\t\t\t<\/div>\n\t\t\t\t<i class='material-icons proradio-post__switchcontent' data-proradio-activates=\"gparent\">more_vert<\/i>\n\t\t\t<\/div>\n\t\t\t<div class=\"proradio-post__headercont--ex proradio-paper\">\n\t\t\t<h4><a href=\"https:\/\/radioapolo.com.br\/index.php\/shows\/soft-music\/\">Soft Music<\/a><\/h4>\n\t\t\t\t\t\t\t<h6 class=\"proradio-cutme-t\">\n\t\t\t\t\tApolo FM\t\t\t\t<\/h6>\n\t\t\t\t\t\t\t<p>Durante uma hora inteira, n\u00f3s selecionamos as melhores m\u00fasicas para proporcionar um momento de tranquilidade e bem-estar no seu dia.<\/p>\n\t\t\t<i class='material-icons proradio-post__switchcontent' data-proradio-activates=\"gparent\">close<\/i>\n\t\t<\/div>\n\t\t\t\n<\/article>\t\t\t\t\t\t<\/div>\n\t\t\t\t\t\t      \t\t\t\t\t<div class=\"proradio-col proradio-col__post proradio-s12 proradio-m6 proradio-l4\">\n\t      \t\t\t\t\t<article class=\"proradio-post proradio-post__card proradio-post__card--shows proradio-darkbg proradio-negative post-1827 shows type-shows status-publish has-post-thumbnail hentry genre-pop\" data-qtwaypoints>\n\t<div class=\"proradio-bgimg proradio-bgimg--full proradio-duotone\">\n\t\t<img decoding=\"async\" width=\"770\" height=\"433\" src=\"https:\/\/radioapolo.com.br\/wp-content\/uploads\/2015\/03\/wallpaper-horadoouvinte-770x433.jpg\" class=\"proradio-post__thumb wp-post-image\" alt=\"\" srcset=\"https:\/\/radioapolo.com.br\/wp-content\/uploads\/2015\/03\/wallpaper-horadoouvinte-770x433.jpg 770w, https:\/\/radioapolo.com.br\/wp-content\/uploads\/2015\/03\/wallpaper-horadoouvinte-1170x658.jpg 1170w, https:\/\/radioapolo.com.br\/wp-content\/uploads\/2015\/03\/wallpaper-horadoouvinte-768x432.jpg 768w, https:\/\/radioapolo.com.br\/wp-content\/uploads\/2015\/03\/wallpaper-horadoouvinte-1536x864.jpg 1536w, https:\/\/radioapolo.com.br\/wp-content\/uploads\/2015\/03\/wallpaper-horadoouvinte.jpg 1919w\" sizes=\"(max-width: 770px) 100vw, 770px\" \/>\t<\/div>\n\t<div class=\"proradio-post__headercont\">\n\n\t\t\n\t\t<a class=\"proradio-post__header__link\" href=\"https:\/\/radioapolo.com.br\/index.php\/shows\/hora-do-ouvinte\/\"><\/a>\n\t\t<div class=\"proradio-post__card__cap\">\n\t\t\t<p class=\"proradio-cats\">\n\t\t\t\t<a href=\"https:\/\/radioapolo.com.br\/index.php\/showgenre\/pop\/\" class=\"proradio-catid-63\">Pop<\/a>\t\t\t<\/p>\n\t\t\t<h3 class=\"proradio-post__title proradio-cutme-t-2 proradio-h4\"><a href=\"https:\/\/radioapolo.com.br\/index.php\/shows\/hora-do-ouvinte\/\">Hora do Ouvinte<\/a><\/h3>\n\t\t\t\t\t\t\t<p class=\"proradio-itemmetas\">\n\t\t\t\t\t4:00 pm - 5:00 pm\t\t\t\t<\/p>\n\t\t\t\t\t\t<\/div>\n\t\t\t\t<i class='material-icons proradio-post__switchcontent' data-proradio-activates=\"gparent\">more_vert<\/i>\n\t\t\t<\/div>\n\t\t\t<div class=\"proradio-post__headercont--ex proradio-paper\">\n\t\t\t<h4><a href=\"https:\/\/radioapolo.com.br\/index.php\/shows\/hora-do-ouvinte\/\">Hora do Ouvinte<\/a><\/h4>\n\t\t\t\t\t\t\t<h6 class=\"proradio-cutme-t\">\n\t\t\t\t\tApolo FM\t\t\t\t<\/h6>\n\t\t\t\t\t\t\t<p>Durante essas horas especiais, abrimos as linhas telef\u00f4nicas e as redes sociais para ouvir suas hist\u00f3rias, pedidos musicais, mensagens e dedicat\u00f3rias.<\/p>\n\t\t\t<i class='material-icons proradio-post__switchcontent' data-proradio-activates=\"gparent\">close<\/i>\n\t\t<\/div>\n\t\t\t\n<\/article>\t\t\t\t\t\t<\/div>\n\t\t\t\t\t\t      \t\t\t\t\t<div class=\"proradio-col proradio-col__post proradio-s12 proradio-m6 proradio-l4\">\n\t      \t\t\t\t\t<article class=\"proradio-post proradio-post__card proradio-post__card--shows proradio-darkbg proradio-negative post-1827 shows type-shows status-publish has-post-thumbnail hentry genre-pop\" data-qtwaypoints>\n\t<div class=\"proradio-bgimg proradio-bgimg--full proradio-duotone\">\n\t\t<img decoding=\"async\" width=\"770\" height=\"433\" src=\"https:\/\/radioapolo.com.br\/wp-content\/uploads\/2015\/03\/wallpaper-horadoouvinte-770x433.jpg\" class=\"proradio-post__thumb wp-post-image\" alt=\"\" srcset=\"https:\/\/radioapolo.com.br\/wp-content\/uploads\/2015\/03\/wallpaper-horadoouvinte-770x433.jpg 770w, https:\/\/radioapolo.com.br\/wp-content\/uploads\/2015\/03\/wallpaper-horadoouvinte-1170x658.jpg 1170w, https:\/\/radioapolo.com.br\/wp-content\/uploads\/2015\/03\/wallpaper-horadoouvinte-768x432.jpg 768w, https:\/\/radioapolo.com.br\/wp-content\/uploads\/2015\/03\/wallpaper-horadoouvinte-1536x864.jpg 1536w, https:\/\/radioapolo.com.br\/wp-content\/uploads\/2015\/03\/wallpaper-horadoouvinte.jpg 1919w\" sizes=\"(max-width: 770px) 100vw, 770px\" \/>\t<\/div>\n\t<div class=\"proradio-post__headercont\">\n\n\t\t\n\t\t<a class=\"proradio-post__header__link\" href=\"https:\/\/radioapolo.com.br\/index.php\/shows\/hora-do-ouvinte\/\"><\/a>\n\t\t<div class=\"proradio-post__card__cap\">\n\t\t\t<p class=\"proradio-cats\">\n\t\t\t\t<a href=\"https:\/\/radioapolo.com.br\/index.php\/showgenre\/pop\/\" class=\"proradio-catid-63\">Pop<\/a>\t\t\t<\/p>\n\t\t\t<h3 class=\"proradio-post__title proradio-cutme-t-2 proradio-h4\"><a href=\"https:\/\/radioapolo.com.br\/index.php\/shows\/hora-do-ouvinte\/\">Hora do Ouvinte<\/a><\/h3>\n\t\t\t\t\t\t\t<p class=\"proradio-itemmetas\">\n\t\t\t\t\t7:00 pm - 8:00 pm\t\t\t\t<\/p>\n\t\t\t\t\t\t<\/div>\n\t\t\t\t<i class='material-icons proradio-post__switchcontent' data-proradio-activates=\"gparent\">more_vert<\/i>\n\t\t\t<\/div>\n\t\t\t<div class=\"proradio-post__headercont--ex proradio-paper\">\n\t\t\t<h4><a href=\"https:\/\/radioapolo.com.br\/index.php\/shows\/hora-do-ouvinte\/\">Hora do Ouvinte<\/a><\/h4>\n\t\t\t\t\t\t\t<h6 class=\"proradio-cutme-t\">\n\t\t\t\t\tApolo FM\t\t\t\t<\/h6>\n\t\t\t\t\t\t\t<p>Durante essas horas especiais, abrimos as linhas telef\u00f4nicas e as redes sociais para ouvir suas hist\u00f3rias, pedidos musicais, mensagens e dedicat\u00f3rias.<\/p>\n\t\t\t<i class='material-icons proradio-post__switchcontent' data-proradio-activates=\"gparent\">close<\/i>\n\t\t<\/div>\n\t\t\t\n<\/article>\t\t\t\t\t\t<\/div>\n\t\t\t\t\t\t      \t\t\t\t\t<div class=\"proradio-col proradio-col__post proradio-s12 proradio-m6 proradio-l4\">\n\t      \t\t\t\t\t<article class=\"proradio-post proradio-post__card proradio-post__card--shows proradio-darkbg proradio-negative post-1823 shows type-shows status-publish has-post-thumbnail hentry genre-pop\" data-qtwaypoints>\n\t<div class=\"proradio-bgimg proradio-bgimg--full proradio-duotone\">\n\t\t<img loading=\"lazy\" decoding=\"async\" width=\"770\" height=\"433\" src=\"https:\/\/radioapolo.com.br\/wp-content\/uploads\/2015\/03\/wallpaper-kpop-770x433.jpg\" class=\"proradio-post__thumb wp-post-image\" alt=\"\" srcset=\"https:\/\/radioapolo.com.br\/wp-content\/uploads\/2015\/03\/wallpaper-kpop-770x433.jpg 770w, https:\/\/radioapolo.com.br\/wp-content\/uploads\/2015\/03\/wallpaper-kpop-1170x658.jpg 1170w, https:\/\/radioapolo.com.br\/wp-content\/uploads\/2015\/03\/wallpaper-kpop-768x432.jpg 768w, https:\/\/radioapolo.com.br\/wp-content\/uploads\/2015\/03\/wallpaper-kpop-1536x864.jpg 1536w, https:\/\/radioapolo.com.br\/wp-content\/uploads\/2015\/03\/wallpaper-kpop.jpg 1919w\" sizes=\"(max-width: 770px) 100vw, 770px\" \/>\t<\/div>\n\t<div class=\"proradio-post__headercont\">\n\n\t\t\n\t\t<a class=\"proradio-post__header__link\" href=\"https:\/\/radioapolo.com.br\/index.php\/shows\/k-pop\/\"><\/a>\n\t\t<div class=\"proradio-post__card__cap\">\n\t\t\t<p class=\"proradio-cats\">\n\t\t\t\t<a href=\"https:\/\/radioapolo.com.br\/index.php\/showgenre\/pop\/\" class=\"proradio-catid-63\">Pop<\/a>\t\t\t<\/p>\n\t\t\t<h3 class=\"proradio-post__title proradio-cutme-t-2 proradio-h4\"><a href=\"https:\/\/radioapolo.com.br\/index.php\/shows\/k-pop\/\">K-Pop<\/a><\/h3>\n\t\t\t\t\t\t\t<p class=\"proradio-itemmetas\">\n\t\t\t\t\t8:00 pm - 9:00 pm\t\t\t\t<\/p>\n\t\t\t\t\t\t<\/div>\n\t\t\t\t<i class='material-icons proradio-post__switchcontent' data-proradio-activates=\"gparent\">more_vert<\/i>\n\t\t\t<\/div>\n\t\t\t<div class=\"proradio-post__headercont--ex proradio-paper\">\n\t\t\t<h4><a href=\"https:\/\/radioapolo.com.br\/index.php\/shows\/k-pop\/\">K-Pop<\/a><\/h4>\n\t\t\t\t\t\t\t<h6 class=\"proradio-cutme-t\">\n\t\t\t\t\tApolo FM\t\t\t\t<\/h6>\n\t\t\t\t\t\t\t<p>Todos os dias, \u00e0s 20h, a Apolo FM traz at\u00e9 voc\u00ea as melhores m\u00fasicas do cen\u00e1rio K-Pop, com os hits mais recentes e os cl\u00e1ssicos que conquistaram o cora\u00e7\u00e3o dos f\u00e3s ao redor do mundo.<\/p>\n\t\t\t<i class='material-icons proradio-post__switchcontent' data-proradio-activates=\"gparent\">close<\/i>\n\t\t<\/div>\n\t\t\t\n<\/article>\t\t\t\t\t\t<\/div>\n\t\t\t\t\t\t      \t\t\t\t\t<div class=\"proradio-col proradio-col__post proradio-s12 proradio-m6 proradio-l4\">\n\t      \t\t\t\t\t<article class=\"proradio-post proradio-post__card proradio-post__card--shows proradio-darkbg proradio-negative post-1826 shows type-shows status-publish has-post-thumbnail hentry genre-pop\" data-qtwaypoints>\n\t<div class=\"proradio-bgimg proradio-bgimg--full proradio-duotone\">\n\t\t<img loading=\"lazy\" decoding=\"async\" width=\"770\" height=\"433\" src=\"https:\/\/radioapolo.com.br\/wp-content\/uploads\/2015\/03\/wallpaper-inthenight-770x433.jpg\" class=\"proradio-post__thumb wp-post-image\" alt=\"\" srcset=\"https:\/\/radioapolo.com.br\/wp-content\/uploads\/2015\/03\/wallpaper-inthenight-770x433.jpg 770w, https:\/\/radioapolo.com.br\/wp-content\/uploads\/2015\/03\/wallpaper-inthenight-1170x658.jpg 1170w, https:\/\/radioapolo.com.br\/wp-content\/uploads\/2015\/03\/wallpaper-inthenight-768x432.jpg 768w, https:\/\/radioapolo.com.br\/wp-content\/uploads\/2015\/03\/wallpaper-inthenight-1536x864.jpg 1536w, https:\/\/radioapolo.com.br\/wp-content\/uploads\/2015\/03\/wallpaper-inthenight.jpg 1919w\" sizes=\"(max-width: 770px) 100vw, 770px\" \/>\t<\/div>\n\t<div class=\"proradio-post__headercont\">\n\n\t\t\n\t\t<a class=\"proradio-post__header__link\" href=\"https:\/\/radioapolo.com.br\/index.php\/shows\/in-the-night\/\"><\/a>\n\t\t<div class=\"proradio-post__card__cap\">\n\t\t\t<p class=\"proradio-cats\">\n\t\t\t\t<a href=\"https:\/\/radioapolo.com.br\/index.php\/showgenre\/pop\/\" class=\"proradio-catid-63\">Pop<\/a>\t\t\t<\/p>\n\t\t\t<h3 class=\"proradio-post__title proradio-cutme-t-2 proradio-h4\"><a href=\"https:\/\/radioapolo.com.br\/index.php\/shows\/in-the-night\/\">In The Night<\/a><\/h3>\n\t\t\t\t\t\t\t<p class=\"proradio-itemmetas\">\n\t\t\t\t\t10:00 pm - 11:00 pm\t\t\t\t<\/p>\n\t\t\t\t\t\t<\/div>\n\t\t\t\t<i class='material-icons proradio-post__switchcontent' data-proradio-activates=\"gparent\">more_vert<\/i>\n\t\t\t<\/div>\n\t\t\t<div class=\"proradio-post__headercont--ex proradio-paper\">\n\t\t\t<h4><a href=\"https:\/\/radioapolo.com.br\/index.php\/shows\/in-the-night\/\">In The Night<\/a><\/h4>\n\t\t\t\t\t\t\t<h6 class=\"proradio-cutme-t\">\n\t\t\t\t\tApolo FM\t\t\t\t<\/h6>\n\t\t\t\t\t\t\t<p>O programa In The Night \u00e9 o companheiro ideal para as suas noites, com uma sele\u00e7\u00e3o cuidadosamente elaborada de hits que v\u00e3o embalar os seus momentos mais introspectivos e emocionantes.<\/p>\n\t\t\t<i class='material-icons proradio-post__switchcontent' data-proradio-activates=\"gparent\">close<\/i>\n\t\t<\/div>\n\t\t\t\n<\/article>\t\t\t\t\t\t<\/div>\n\t\t\t\t\t\t      \t\t\t\t\t<div class=\"proradio-col proradio-col__post proradio-s12 proradio-m6 proradio-l4\">\n\t      \t\t\t\t\t<article class=\"proradio-post proradio-post__card proradio-post__card--shows proradio-darkbg proradio-negative post-1825 shows type-shows status-publish has-post-thumbnail hentry genre-dance genre-electronic genre-house genre-techno genre-trance\" data-qtwaypoints>\n\t<div class=\"proradio-bgimg proradio-bgimg--full proradio-duotone\">\n\t\t<img loading=\"lazy\" decoding=\"async\" width=\"770\" height=\"433\" src=\"https:\/\/radioapolo.com.br\/wp-content\/uploads\/2015\/03\/wallpaper-pista-apolo-770x433.jpg\" class=\"proradio-post__thumb wp-post-image\" alt=\"\" srcset=\"https:\/\/radioapolo.com.br\/wp-content\/uploads\/2015\/03\/wallpaper-pista-apolo-770x433.jpg 770w, https:\/\/radioapolo.com.br\/wp-content\/uploads\/2015\/03\/wallpaper-pista-apolo-1170x658.jpg 1170w, https:\/\/radioapolo.com.br\/wp-content\/uploads\/2015\/03\/wallpaper-pista-apolo-768x432.jpg 768w, https:\/\/radioapolo.com.br\/wp-content\/uploads\/2015\/03\/wallpaper-pista-apolo-1536x864.jpg 1536w, https:\/\/radioapolo.com.br\/wp-content\/uploads\/2015\/03\/wallpaper-pista-apolo.jpg 1919w\" sizes=\"(max-width: 770px) 100vw, 770px\" \/>\t<\/div>\n\t<div class=\"proradio-post__headercont\">\n\n\t\t\n\t\t<a class=\"proradio-post__header__link\" href=\"https:\/\/radioapolo.com.br\/index.php\/shows\/pista-apolo\/\"><\/a>\n\t\t<div class=\"proradio-post__card__cap\">\n\t\t\t<p class=\"proradio-cats\">\n\t\t\t\t<a href=\"https:\/\/radioapolo.com.br\/index.php\/showgenre\/dance\/\" class=\"proradio-catid-36\">Dance<\/a>\t\t\t<\/p>\n\t\t\t<h3 class=\"proradio-post__title proradio-cutme-t-2 proradio-h4\"><a href=\"https:\/\/radioapolo.com.br\/index.php\/shows\/pista-apolo\/\">Pista Apolo<\/a><\/h3>\n\t\t\t\t\t\t\t<p class=\"proradio-itemmetas\">\n\t\t\t\t\t11:00 pm - 11:59 pm\t\t\t\t<\/p>\n\t\t\t\t\t\t<\/div>\n\t\t\t\t<i class='material-icons proradio-post__switchcontent' data-proradio-activates=\"gparent\">more_vert<\/i>\n\t\t\t<\/div>\n\t\t\t<div class=\"proradio-post__headercont--ex proradio-paper\">\n\t\t\t<h4><a href=\"https:\/\/radioapolo.com.br\/index.php\/shows\/pista-apolo\/\">Pista Apolo<\/a><\/h4>\n\t\t\t\t\t\t\t<h6 class=\"proradio-cutme-t\">\n\t\t\t\t\tApolo FM\t\t\t\t<\/h6>\n\t\t\t\t\t\t\t<p>Toda sexta-feira \u00e0 noite, n\u00f3s transformamos a sua sala em uma pista de dan\u00e7a, com os melhores hits do momento e os cl\u00e1ssicos que marcaram \u00e9poca.<\/p>\n\t\t\t<i class='material-icons proradio-post__switchcontent' data-proradio-activates=\"gparent\">close<\/i>\n\t\t<\/div>\n\t\t\t\n<\/article>\t\t\t\t\t\t<\/div>\n\t\t\t\t\t\t<\/div>\n<!-- SCHEDULE DAY END ================================================== -->\t\t\t<\/div>\n\t\t\t\t\t\t<div id=\"proradio-shortcodeschedule-1835\" class=\"proradio-tabs__content\">\n\t\t\t\t<h3 class=\"proradio-schedule__dayname\">S\u00e1bado<\/h3>\n\t\t\t\t<!-- SCHEDULE DAY ================================================== -->\n<div class=\"proradio-row \">\n\t      \t\t\t\t\t<div class=\"proradio-col proradio-col__post proradio-s12 proradio-m6 proradio-l4\">\n\t      \t\t\t\t\t<article class=\"proradio-post proradio-post__card proradio-post__card--shows proradio-darkbg proradio-negative post-1825 shows type-shows status-publish has-post-thumbnail hentry genre-dance genre-electronic genre-house genre-techno genre-trance\" data-qtwaypoints>\n\t<div class=\"proradio-bgimg proradio-bgimg--full proradio-duotone\">\n\t\t<img loading=\"lazy\" decoding=\"async\" width=\"770\" height=\"433\" src=\"https:\/\/radioapolo.com.br\/wp-content\/uploads\/2015\/03\/wallpaper-pista-apolo-770x433.jpg\" class=\"proradio-post__thumb wp-post-image\" alt=\"\" srcset=\"https:\/\/radioapolo.com.br\/wp-content\/uploads\/2015\/03\/wallpaper-pista-apolo-770x433.jpg 770w, https:\/\/radioapolo.com.br\/wp-content\/uploads\/2015\/03\/wallpaper-pista-apolo-1170x658.jpg 1170w, https:\/\/radioapolo.com.br\/wp-content\/uploads\/2015\/03\/wallpaper-pista-apolo-768x432.jpg 768w, https:\/\/radioapolo.com.br\/wp-content\/uploads\/2015\/03\/wallpaper-pista-apolo-1536x864.jpg 1536w, https:\/\/radioapolo.com.br\/wp-content\/uploads\/2015\/03\/wallpaper-pista-apolo.jpg 1919w\" sizes=\"(max-width: 770px) 100vw, 770px\" \/>\t<\/div>\n\t<div class=\"proradio-post__headercont\">\n\n\t\t\n\t\t<a class=\"proradio-post__header__link\" href=\"https:\/\/radioapolo.com.br\/index.php\/shows\/pista-apolo\/\"><\/a>\n\t\t<div class=\"proradio-post__card__cap\">\n\t\t\t<p class=\"proradio-cats\">\n\t\t\t\t<a href=\"https:\/\/radioapolo.com.br\/index.php\/showgenre\/dance\/\" class=\"proradio-catid-36\">Dance<\/a>\t\t\t<\/p>\n\t\t\t<h3 class=\"proradio-post__title proradio-cutme-t-2 proradio-h4\"><a href=\"https:\/\/radioapolo.com.br\/index.php\/shows\/pista-apolo\/\">Pista Apolo<\/a><\/h3>\n\t\t\t\t\t\t\t<p class=\"proradio-itemmetas\">\n\t\t\t\t\t9:00 pm - 10:00 pm\t\t\t\t<\/p>\n\t\t\t\t\t\t<\/div>\n\t\t\t\t<i class='material-icons proradio-post__switchcontent' data-proradio-activates=\"gparent\">more_vert<\/i>\n\t\t\t<\/div>\n\t\t\t<div class=\"proradio-post__headercont--ex proradio-paper\">\n\t\t\t<h4><a href=\"https:\/\/radioapolo.com.br\/index.php\/shows\/pista-apolo\/\">Pista Apolo<\/a><\/h4>\n\t\t\t\t\t\t\t<h6 class=\"proradio-cutme-t\">\n\t\t\t\t\tApolo FM\t\t\t\t<\/h6>\n\t\t\t\t\t\t\t<p>Toda sexta-feira \u00e0 noite, n\u00f3s transformamos a sua sala em uma pista de dan\u00e7a, com os melhores hits do momento e os cl\u00e1ssicos que marcaram \u00e9poca.<\/p>\n\t\t\t<i class='material-icons proradio-post__switchcontent' data-proradio-activates=\"gparent\">close<\/i>\n\t\t<\/div>\n\t\t\t\n<\/article>\t\t\t\t\t\t<\/div>\n\t\t\t\t\t\t      \t\t\t\t\t<div class=\"proradio-col proradio-col__post proradio-s12 proradio-m6 proradio-l4\">\n\t      \t\t\t\t\t<article class=\"proradio-post proradio-post__card proradio-post__card--shows proradio-darkbg proradio-negative post-1826 shows type-shows status-publish has-post-thumbnail hentry genre-pop\" data-qtwaypoints>\n\t<div class=\"proradio-bgimg proradio-bgimg--full proradio-duotone\">\n\t\t<img loading=\"lazy\" decoding=\"async\" width=\"770\" height=\"433\" src=\"https:\/\/radioapolo.com.br\/wp-content\/uploads\/2015\/03\/wallpaper-inthenight-770x433.jpg\" class=\"proradio-post__thumb wp-post-image\" alt=\"\" srcset=\"https:\/\/radioapolo.com.br\/wp-content\/uploads\/2015\/03\/wallpaper-inthenight-770x433.jpg 770w, https:\/\/radioapolo.com.br\/wp-content\/uploads\/2015\/03\/wallpaper-inthenight-1170x658.jpg 1170w, https:\/\/radioapolo.com.br\/wp-content\/uploads\/2015\/03\/wallpaper-inthenight-768x432.jpg 768w, https:\/\/radioapolo.com.br\/wp-content\/uploads\/2015\/03\/wallpaper-inthenight-1536x864.jpg 1536w, https:\/\/radioapolo.com.br\/wp-content\/uploads\/2015\/03\/wallpaper-inthenight.jpg 1919w\" sizes=\"(max-width: 770px) 100vw, 770px\" \/>\t<\/div>\n\t<div class=\"proradio-post__headercont\">\n\n\t\t\n\t\t<a class=\"proradio-post__header__link\" href=\"https:\/\/radioapolo.com.br\/index.php\/shows\/in-the-night\/\"><\/a>\n\t\t<div class=\"proradio-post__card__cap\">\n\t\t\t<p class=\"proradio-cats\">\n\t\t\t\t<a href=\"https:\/\/radioapolo.com.br\/index.php\/showgenre\/pop\/\" class=\"proradio-catid-63\">Pop<\/a>\t\t\t<\/p>\n\t\t\t<h3 class=\"proradio-post__title proradio-cutme-t-2 proradio-h4\"><a href=\"https:\/\/radioapolo.com.br\/index.php\/shows\/in-the-night\/\">In The Night<\/a><\/h3>\n\t\t\t\t\t\t\t<p class=\"proradio-itemmetas\">\n\t\t\t\t\t10:00 pm - 11:59 pm\t\t\t\t<\/p>\n\t\t\t\t\t\t<\/div>\n\t\t\t\t<i class='material-icons proradio-post__switchcontent' data-proradio-activates=\"gparent\">more_vert<\/i>\n\t\t\t<\/div>\n\t\t\t<div class=\"proradio-post__headercont--ex proradio-paper\">\n\t\t\t<h4><a href=\"https:\/\/radioapolo.com.br\/index.php\/shows\/in-the-night\/\">In The Night<\/a><\/h4>\n\t\t\t\t\t\t\t<h6 class=\"proradio-cutme-t\">\n\t\t\t\t\tApolo FM\t\t\t\t<\/h6>\n\t\t\t\t\t\t\t<p>O programa In The Night \u00e9 o companheiro ideal para as suas noites, com uma sele\u00e7\u00e3o cuidadosamente elaborada de hits que v\u00e3o embalar os seus momentos mais introspectivos e emocionantes.<\/p>\n\t\t\t<i class='material-icons proradio-post__switchcontent' data-proradio-activates=\"gparent\">close<\/i>\n\t\t<\/div>\n\t\t\t\n<\/article>\t\t\t\t\t\t<\/div>\n\t\t\t\t\t\t<\/div>\n<!-- SCHEDULE DAY END ================================================== -->\t\t\t<\/div>\n\t\t\t\t\t\t<div id=\"proradio-shortcodeschedule-1836\" class=\"proradio-tabs__content\">\n\t\t\t\t<h3 class=\"proradio-schedule__dayname\">Domingo<\/h3>\n\t\t\t\t<!-- SCHEDULE DAY ================================================== -->\n<div class=\"proradio-row proradio-activeschedule\">\n\t      \t\t\t\t\t<div class=\"proradio-col proradio-col__post proradio-s12 proradio-m6 proradio-l4\">\n\t      \t\t\t\t\t<article class=\"proradio-post proradio-post__card proradio-post__card--shows proradio-darkbg proradio-negative post-1825 shows type-shows status-publish has-post-thumbnail hentry genre-dance genre-electronic genre-house genre-techno genre-trance\" data-qtwaypoints>\n\t<div class=\"proradio-bgimg proradio-bgimg--full proradio-duotone\">\n\t\t<img loading=\"lazy\" decoding=\"async\" width=\"770\" height=\"433\" src=\"https:\/\/radioapolo.com.br\/wp-content\/uploads\/2015\/03\/wallpaper-pista-apolo-770x433.jpg\" class=\"proradio-post__thumb wp-post-image\" alt=\"\" srcset=\"https:\/\/radioapolo.com.br\/wp-content\/uploads\/2015\/03\/wallpaper-pista-apolo-770x433.jpg 770w, https:\/\/radioapolo.com.br\/wp-content\/uploads\/2015\/03\/wallpaper-pista-apolo-1170x658.jpg 1170w, https:\/\/radioapolo.com.br\/wp-content\/uploads\/2015\/03\/wallpaper-pista-apolo-768x432.jpg 768w, https:\/\/radioapolo.com.br\/wp-content\/uploads\/2015\/03\/wallpaper-pista-apolo-1536x864.jpg 1536w, https:\/\/radioapolo.com.br\/wp-content\/uploads\/2015\/03\/wallpaper-pista-apolo.jpg 1919w\" sizes=\"(max-width: 770px) 100vw, 770px\" \/>\t<\/div>\n\t<div class=\"proradio-post__headercont\">\n\n\t\t\n\t\t<a class=\"proradio-post__header__link\" href=\"https:\/\/radioapolo.com.br\/index.php\/shows\/pista-apolo\/\"><\/a>\n\t\t<div class=\"proradio-post__card__cap\">\n\t\t\t<p class=\"proradio-cats\">\n\t\t\t\t<a href=\"https:\/\/radioapolo.com.br\/index.php\/showgenre\/dance\/\" class=\"proradio-catid-36\">Dance<\/a>\t\t\t<\/p>\n\t\t\t<h3 class=\"proradio-post__title proradio-cutme-t-2 proradio-h4\"><a href=\"https:\/\/radioapolo.com.br\/index.php\/shows\/pista-apolo\/\">Pista Apolo<\/a><\/h3>\n\t\t\t\t\t\t\t<p class=\"proradio-itemmetas\">\n\t\t\t\t\t7:00 pm - 8:00 pm\t\t\t\t<\/p>\n\t\t\t\t\t\t<\/div>\n\t\t\t\t<i class='material-icons proradio-post__switchcontent' data-proradio-activates=\"gparent\">more_vert<\/i>\n\t\t\t<\/div>\n\t\t\t<div class=\"proradio-post__headercont--ex proradio-paper\">\n\t\t\t<h4><a href=\"https:\/\/radioapolo.com.br\/index.php\/shows\/pista-apolo\/\">Pista Apolo<\/a><\/h4>\n\t\t\t\t\t\t\t<h6 class=\"proradio-cutme-t\">\n\t\t\t\t\tApolo FM\t\t\t\t<\/h6>\n\t\t\t\t\t\t\t<p>Toda sexta-feira \u00e0 noite, n\u00f3s transformamos a sua sala em uma pista de dan\u00e7a, com os melhores hits do momento e os cl\u00e1ssicos que marcaram \u00e9poca.<\/p>\n\t\t\t<i class='material-icons proradio-post__switchcontent' data-proradio-activates=\"gparent\">close<\/i>\n\t\t<\/div>\n\t\t\t\n<\/article>\t\t\t\t\t\t<\/div>\n\t\t\t\t\t\t      \t\t\t\t\t<div class=\"proradio-col proradio-col__post proradio-s12 proradio-m6 proradio-l4\">\n\t      \t\t\t\t\t<article class=\"proradio-post proradio-post__card proradio-post__card--shows proradio-darkbg proradio-negative post-1826 shows type-shows status-publish has-post-thumbnail hentry genre-pop\" data-qtwaypoints>\n\t<div class=\"proradio-bgimg proradio-bgimg--full proradio-duotone\">\n\t\t<img loading=\"lazy\" decoding=\"async\" width=\"770\" height=\"433\" src=\"https:\/\/radioapolo.com.br\/wp-content\/uploads\/2015\/03\/wallpaper-inthenight-770x433.jpg\" class=\"proradio-post__thumb wp-post-image\" alt=\"\" srcset=\"https:\/\/radioapolo.com.br\/wp-content\/uploads\/2015\/03\/wallpaper-inthenight-770x433.jpg 770w, https:\/\/radioapolo.com.br\/wp-content\/uploads\/2015\/03\/wallpaper-inthenight-1170x658.jpg 1170w, https:\/\/radioapolo.com.br\/wp-content\/uploads\/2015\/03\/wallpaper-inthenight-768x432.jpg 768w, https:\/\/radioapolo.com.br\/wp-content\/uploads\/2015\/03\/wallpaper-inthenight-1536x864.jpg 1536w, https:\/\/radioapolo.com.br\/wp-content\/uploads\/2015\/03\/wallpaper-inthenight.jpg 1919w\" sizes=\"(max-width: 770px) 100vw, 770px\" \/>\t<\/div>\n\t<div class=\"proradio-post__headercont\">\n\n\t\t\n\t\t<a class=\"proradio-post__header__link\" href=\"https:\/\/radioapolo.com.br\/index.php\/shows\/in-the-night\/\"><\/a>\n\t\t<div class=\"proradio-post__card__cap\">\n\t\t\t<p class=\"proradio-cats\">\n\t\t\t\t<a href=\"https:\/\/radioapolo.com.br\/index.php\/showgenre\/pop\/\" class=\"proradio-catid-63\">Pop<\/a>\t\t\t<\/p>\n\t\t\t<h3 class=\"proradio-post__title proradio-cutme-t-2 proradio-h4\"><a href=\"https:\/\/radioapolo.com.br\/index.php\/shows\/in-the-night\/\">In The Night<\/a><\/h3>\n\t\t\t\t\t\t\t<p class=\"proradio-itemmetas\">\n\t\t\t\t\t10:00 pm - 11:59 pm\t\t\t\t<\/p>\n\t\t\t\t\t\t<\/div>\n\t\t\t\t<i class='material-icons proradio-post__switchcontent' data-proradio-activates=\"gparent\">more_vert<\/i>\n\t\t\t<\/div>\n\t\t\t<div class=\"proradio-post__headercont--ex proradio-paper\">\n\t\t\t<h4><a href=\"https:\/\/radioapolo.com.br\/index.php\/shows\/in-the-night\/\">In The Night<\/a><\/h4>\n\t\t\t\t\t\t\t<h6 class=\"proradio-cutme-t\">\n\t\t\t\t\tApolo FM\t\t\t\t<\/h6>\n\t\t\t\t\t\t\t<p>O programa In The Night \u00e9 o companheiro ideal para as suas noites, com uma sele\u00e7\u00e3o cuidadosamente elaborada de hits que v\u00e3o embalar os seus momentos mais introspectivos e emocionantes.<\/p>\n\t\t\t<i class='material-icons proradio-post__switchcontent' data-proradio-activates=\"gparent\">close<\/i>\n\t\t<\/div>\n\t\t\t\n<\/article>\t\t\t\t\t\t<\/div>\n\t\t\t\t\t\t<\/div>\n<!-- SCHEDULE DAY END ================================================== -->\t\t\t<\/div>\n\t\t\t\t<\/div>\n<\/div>\n<p data-pm-slice=\"0 0 []\"><strong>Apolo FM<\/strong> \u00e9 uma emissora de r\u00e1dio brasileira da cidade de S\u00e3o Paulo, capital do estado hom\u00f4nimo. Opera nas frequ\u00eancias AM 660 kHz e FM 98,1 MHz, sendo as duas concessionadas em Santa Isabel.<\/p>\n<p>Pertence \u00e0 Rede Mundial de Comunica\u00e7\u00f5es, de propriedade do empres\u00e1rio Paulo Masci de Abreu. A coordena\u00e7\u00e3o e produ\u00e7\u00e3o \u00e9 de Marcio Mazola. Seus est\u00fadios est\u00e3o localizados no Edif\u00edcio The Central Park, no Espig\u00e3o da Paulista, onde funcionam os demais ve\u00edculos do grupo. Seus transmissores de AM est\u00e3o localizados em Guarulhos e os de FM na cidade de Aruj\u00e1.<\/p>\n<h2>Hist\u00f3rico<\/h2>\n<p>A emissora iniciou suas transmiss\u00f5es em abril de 1993 como R\u00e1dio Difusora AM, na frequ\u00eancia de 660 kHz, com uma programa\u00e7\u00e3o musical e informativa. Dois anos depois, a emissora passou a se chamar R\u00e1dio Mundial, e a programa\u00e7\u00e3o passou a ser voltada \u00e0s comunidades estrangeiras, al\u00e9m das atra\u00e7\u00f5es esot\u00e9ricas e de autoajuda. Em 1.\u00ba de novembro de 1999, iniciou suas transmiss\u00f5es em FM 95,7 MHz.Vinte anos depois, passou a ser denominada como Vibe Mundial.<\/p>\n<p>A nova Apolo \u00e9 voltada para a m\u00fasica pop e totalmente controlada por intelig\u00eancia artificial.<\/p>\n<p>.<\/p>\n<p>&nbsp;<\/p>\n","protected":false},"featured_media":4466,"menu_order":3,"template":"","radio-genre":[],"class_list":["post-2968","radiochannel","type-radiochannel","status-publish","has-post-thumbnail","hentry"],"_links":{"self":[{"href":"https:\/\/radioapolo.com.br\/index.php\/wp-json\/wp\/v2\/radiochannel\/2968","targetHints":{"allow":["GET"]}}],"collection":[{"href":"https:\/\/radioapolo.com.br\/index.php\/wp-json\/wp\/v2\/radiochannel"}],"about":[{"href":"https:\/\/radioapolo.com.br\/index.php\/wp-json\/wp\/v2\/types\/radiochannel"}],"wp:featuredmedia":[{"embeddable":true,"href":"https:\/\/radioapolo.com.br\/index.php\/wp-json\/wp\/v2\/media\/4466"}],"wp:attachment":[{"href":"https:\/\/radioapolo.com.br\/index.php\/wp-json\/wp\/v2\/media?parent=2968"}],"wp:term":[{"taxonomy":"radio-genre","embeddable":true,"href":"https:\/\/radioapolo.com.br\/index.php\/wp-json\/wp\/v2\/radio-genre?post=2968"}],"curies":[{"name":"wp","href":"https:\/\/api.w.org\/{rel}","templated":true}]}}